{"id":8,"date":"2023-03-15T09:17:05","date_gmt":"2023-03-15T09:17:05","guid":{"rendered":"https:\/\/diegofmaya.com\/about\/"},"modified":"2026-03-20T23:12:41","modified_gmt":"2026-03-20T23:12:41","slug":"about","status":"publish","type":"page","link":"https:\/\/diegofmaya.com\/es\/about\/","title":{"rendered":"About"},"content":{"rendered":"<div data-elementor-type=\"wp-page\" data-elementor-id=\"8\" class=\"elementor elementor-8\" data-elementor-post-type=\"page\">\n\t\t\t\t\t\t<section class=\"elementor-section elementor-top-section elementor-element elementor-element-6c95ef3 elementor-section-boxed elementor-section-height-default elementor-section-height-default\" data-id=\"6c95ef3\" data-element_type=\"section\" data-e-type=\"section\" data-settings=\"{&quot;background_background&quot;:&quot;classic&quot;}\">\n\t\t\t\t\t\t\t<div class=\"elementor-background-overlay\"><\/div>\n\t\t\t\t\t\t\t<div class=\"elementor-container elementor-column-gap-no\">\n\t\t\t\t\t<div class=\"elementor-column elementor-col-100 elementor-top-column elementor-element elementor-element-c9028db\" data-id=\"c9028db\" data-element_type=\"column\" data-e-type=\"column\">\n\t\t\t<div class=\"elementor-widget-wrap elementor-element-populated\">\n\t\t\t\t\t\t<div class=\"elementor-element elementor-element-4c26ffd elementor-widget elementor-widget-heading\" data-id=\"4c26ffd\" data-element_type=\"widget\" data-e-type=\"widget\" data-widget_type=\"heading.default\">\n\t\t\t\t<div class=\"elementor-widget-container\">\n\t\t\t\t\t<h1 class=\"elementor-heading-title elementor-size-default\">About<\/h1>\t\t\t\t<\/div>\n\t\t\t\t<\/div>\n\t\t\t\t\t<\/div>\n\t\t<\/div>\n\t\t\t\t\t<\/div>\n\t\t<\/section>\n\t\t\t\t<section class=\"elementor-section elementor-top-section elementor-element elementor-element-8a21c71 elementor-section-boxed elementor-section-height-default elementor-section-height-default\" data-id=\"8a21c71\" data-element_type=\"section\" data-e-type=\"section\">\n\t\t\t\t\t\t<div class=\"elementor-container elementor-column-gap-no\">\n\t\t\t\t\t<div class=\"elementor-column elementor-col-100 elementor-top-column elementor-element elementor-element-9f3972f\" data-id=\"9f3972f\" data-element_type=\"column\" data-e-type=\"column\">\n\t\t\t<div class=\"elementor-widget-wrap elementor-element-populated\">\n\t\t\t\t\t\t<div class=\"elementor-element elementor-element-e017d7e elementor-widget elementor-widget-heading\" data-id=\"e017d7e\" data-element_type=\"widget\" data-e-type=\"widget\" data-widget_type=\"heading.default\">\n\t\t\t\t<div class=\"elementor-widget-container\">\n\t\t\t\t\t<h6 class=\"elementor-heading-title elementor-size-default\">Acerca de Diego F. Maya<\/h6>\t\t\t\t<\/div>\n\t\t\t\t<\/div>\n\t\t\t\t<div class=\"elementor-element elementor-element-2fcd1ad elementor-widget elementor-widget-text-editor\" data-id=\"2fcd1ad\" data-element_type=\"widget\" data-e-type=\"widget\" data-widget_type=\"text-editor.default\">\n\t\t\t\t<div class=\"elementor-widget-container\">\n\t\t\t\t\t\t\t\t\t<p><span class=\"jCAhz ChMk0b\"><span class=\"ryNqvb\">Diego F. Maya is the founder of Latino Spirit Media, a civic communications infrastructure company that builds and owns public media, language access, and multilingual broadcasting systems designed to help institutions reach entire communities in real time.<\/span><\/span><span class=\"jCAhz ChMk0b\"><span class=\"ryNqvb\"> This website serves as a personal access point to the work, vision, and operating model that underpin a broader ecosystem of platforms, public benefit programs, and intellectual property developed to inform, connect, and empower Latino communities.<\/span><\/span><span class=\"jCAhz ChMk0b\"><span class=\"ryNqvb\"> What began as a media outlet with a social mission and community service has evolved into a structured system that combines communications, public access, outreach, and institutional implementation.<\/span><\/span><\/p>\t\t\t\t\t\t\t\t<\/div>\n\t\t\t\t<\/div>\n\t\t\t\t<div class=\"elementor-element elementor-element-6b28cd4 elementor-widget elementor-widget-image-box\" data-id=\"6b28cd4\" data-element_type=\"widget\" data-e-type=\"widget\" data-widget_type=\"image-box.default\">\n\t\t\t\t<div class=\"elementor-widget-container\">\n\t\t\t\t\t<div class=\"elementor-image-box-wrapper\"><div class=\"elementor-image-box-content\"><h5 class=\"elementor-image-box-title\">Welcome<\/h5><p class=\"elementor-image-box-description\">Welcome to Diego F. Maya's digital space.\n\nThis site connects the founder with the entire system he has built: media platforms, civic communication infrastructure, language access services, public benefit implementation models, and community-centered initiatives designed to bridge the gap between institutions and the people they serve.\n\nThis is not a collection of unconnected projects.\n\nIt is a connected ecosystem.<\/p><\/div><\/div>\t\t\t\t<\/div>\n\t\t\t\t<\/div>\n\t\t\t\t\t<\/div>\n\t\t<\/div>\n\t\t\t\t\t<\/div>\n\t\t<\/section>\n\t\t\t\t<section class=\"elementor-section elementor-top-section elementor-element elementor-element-635f651 elementor-section-boxed elementor-section-height-default elementor-section-height-default\" data-id=\"635f651\" data-element_type=\"section\" data-e-type=\"section\">\n\t\t\t\t\t\t<div class=\"elementor-container elementor-column-gap-no\">\n\t\t\t\t\t<div class=\"elementor-column elementor-col-100 elementor-top-column elementor-element elementor-element-08d473e\" data-id=\"08d473e\" data-element_type=\"column\" data-e-type=\"column\">\n\t\t\t<div class=\"elementor-widget-wrap elementor-element-populated\">\n\t\t\t\t\t\t<section class=\"elementor-section elementor-inner-section elementor-element elementor-element-d7e8290 elementor-section-boxed elementor-section-height-default elementor-section-height-default\" data-id=\"d7e8290\" data-element_type=\"section\" data-e-type=\"section\">\n\t\t\t\t\t\t<div class=\"elementor-container elementor-column-gap-no\">\n\t\t\t\t\t<div class=\"elementor-column elementor-col-100 elementor-inner-column elementor-element elementor-element-ad79cec\" data-id=\"ad79cec\" data-element_type=\"column\" data-e-type=\"column\">\n\t\t\t<div class=\"elementor-widget-wrap elementor-element-populated\">\n\t\t\t\t\t\t<div class=\"elementor-element elementor-element-c42e11d elementor-widget elementor-widget-heading\" data-id=\"c42e11d\" data-element_type=\"widget\" data-e-type=\"widget\" data-widget_type=\"heading.default\">\n\t\t\t\t<div class=\"elementor-widget-container\">\n\t\t\t\t\t<h6 class=\"elementor-heading-title elementor-size-default\">The System Supporting the Work<\/h6>\t\t\t\t<\/div>\n\t\t\t\t<\/div>\n\t\t\t\t<div class=\"elementor-element elementor-element-242557f elementor-widget elementor-widget-text-editor\" data-id=\"242557f\" data-element_type=\"widget\" data-e-type=\"widget\" data-widget_type=\"text-editor.default\">\n\t\t\t\t<div class=\"elementor-widget-container\">\n\t\t\t\t\t\t\t\t\t<p><span class=\"jCAhz ChMk0b\"><span class=\"ryNqvb\">Diego F. Maya&#8217;s work is organized through a structured model: <br \/><\/span><\/span><span class=\"jCAhz ChMk0b\"><span class=\"ryNqvb\">Latino Spirit Media, LLC creates, owns, and develops the intellectual property, communication platforms, and media infrastructure.<\/span><\/span><\/p><p><span class=\"jCAhz ChMk0b\"><span class=\"ryNqvb\"> United States Latino Affairs Initiatives (USLAI) is the public interest-aligned nonprofit organization that implements selected programs, outreach efforts, and community-serving initiatives.<\/span><\/span><\/p><p><span class=\"jCAhz ChMk0b\"><span class=\"ryNqvb\">Together, these entities allow ideas to transcend mere vision and become operational systems that can be implemented in real communities, institutions, and government settings.<\/span><\/span><\/p><p><span class=\"jCAhz ChMk0b\"><span class=\"ryNqvb\"> The main components of the ecosystem include:<\/span><\/span><\/p>\t\t\t\t\t\t\t\t<\/div>\n\t\t\t\t<\/div>\n\t\t\t\t\t<\/div>\n\t\t<\/div>\n\t\t\t\t\t<\/div>\n\t\t<\/section>\n\t\t\t\t\t<\/div>\n\t\t<\/div>\n\t\t\t\t\t<\/div>\n\t\t<\/section>\n\t\t\t\t<section class=\"elementor-section elementor-top-section elementor-element elementor-element-f5c4cbf elementor-section-boxed elementor-section-height-default elementor-section-height-default\" data-id=\"f5c4cbf\" data-element_type=\"section\" data-e-type=\"section\">\n\t\t\t\t\t\t<div class=\"elementor-container elementor-column-gap-no\">\n\t\t\t\t\t<div class=\"elementor-column elementor-col-100 elementor-top-column elementor-element elementor-element-a404641\" data-id=\"a404641\" data-element_type=\"column\" data-e-type=\"column\">\n\t\t\t<div class=\"elementor-widget-wrap elementor-element-populated\">\n\t\t\t\t\t\t<section class=\"elementor-section elementor-inner-section elementor-element elementor-element-47410c2 elementor-section-boxed elementor-section-height-default elementor-section-height-default\" data-id=\"47410c2\" data-element_type=\"section\" data-e-type=\"section\">\n\t\t\t\t\t\t<div class=\"elementor-container elementor-column-gap-no\">\n\t\t\t\t\t<div class=\"elementor-column elementor-col-100 elementor-inner-column elementor-element elementor-element-e1a7de8\" data-id=\"e1a7de8\" data-element_type=\"column\" data-e-type=\"column\">\n\t\t\t<div class=\"elementor-widget-wrap elementor-element-populated\">\n\t\t\t\t\t\t<div class=\"elementor-element elementor-element-d09f239 elementor-widget elementor-widget-heading\" data-id=\"d09f239\" data-element_type=\"widget\" data-e-type=\"widget\" data-widget_type=\"heading.default\">\n\t\t\t\t<div class=\"elementor-widget-container\">\n\t\t\t\t\t<h6 class=\"elementor-heading-title elementor-size-default\"><a href=\"https:\/\/diegofmaya.com\/es\/projects\/\">MEDIOS PUBLICOS DE NEW JERSEY<\/a><\/h6>\t\t\t\t<\/div>\n\t\t\t\t<\/div>\n\t\t\t\t<div class=\"elementor-element elementor-element-6d43050 elementor-widget elementor-widget-text-editor\" data-id=\"6d43050\" data-element_type=\"widget\" data-e-type=\"widget\" data-widget_type=\"text-editor.default\">\n\t\t\t\t<div class=\"elementor-widget-container\">\n\t\t\t\t\t\t\t\t\t<p>Civic broadcasting infrastructure for multilingual communities<\/p>\t\t\t\t\t\t\t\t<\/div>\n\t\t\t\t<\/div>\n\t\t\t\t\t<\/div>\n\t\t<\/div>\n\t\t\t\t\t<\/div>\n\t\t<\/section>\n\t\t\t\t\t<\/div>\n\t\t<\/div>\n\t\t\t\t\t<\/div>\n\t\t<\/section>\n\t\t\t\t<section class=\"elementor-section elementor-top-section elementor-element elementor-element-abcffab elementor-section-boxed elementor-section-height-default elementor-section-height-default\" data-id=\"abcffab\" data-element_type=\"section\" data-e-type=\"section\">\n\t\t\t\t\t\t<div class=\"elementor-container elementor-column-gap-no\">\n\t\t\t\t\t<div class=\"elementor-column elementor-col-100 elementor-top-column elementor-element elementor-element-17e6abe\" data-id=\"17e6abe\" data-element_type=\"column\" data-e-type=\"column\">\n\t\t\t<div class=\"elementor-widget-wrap elementor-element-populated\">\n\t\t\t\t\t\t<section class=\"elementor-section elementor-inner-section elementor-element elementor-element-c5d25cf elementor-section-boxed elementor-section-height-default elementor-section-height-default\" data-id=\"c5d25cf\" data-element_type=\"section\" data-e-type=\"section\">\n\t\t\t\t\t\t<div class=\"elementor-container elementor-column-gap-no\">\n\t\t\t\t\t<div class=\"elementor-column elementor-col-100 elementor-inner-column elementor-element elementor-element-7bc6815\" data-id=\"7bc6815\" data-element_type=\"column\" data-e-type=\"column\">\n\t\t\t<div class=\"elementor-widget-wrap elementor-element-populated\">\n\t\t\t\t\t\t<div class=\"elementor-element elementor-element-0f14b36 elementor-widget elementor-widget-heading\" data-id=\"0f14b36\" data-element_type=\"widget\" data-e-type=\"widget\" data-widget_type=\"heading.default\">\n\t\t\t\t<div class=\"elementor-widget-container\">\n\t\t\t\t\t<h6 class=\"elementor-heading-title elementor-size-default\"><a href=\"https:\/\/diegofmaya.com\/es\/projects\/\">Diverse Voice Link<\/a><\/h6>\t\t\t\t<\/div>\n\t\t\t\t<\/div>\n\t\t\t\t<div class=\"elementor-element elementor-element-5014e64 elementor-widget elementor-widget-text-editor\" data-id=\"5014e64\" data-element_type=\"widget\" data-e-type=\"widget\" data-widget_type=\"text-editor.default\">\n\t\t\t\t<div class=\"elementor-widget-container\">\n\t\t\t\t\t\t\t\t\t<p>Real-time language access and interpretation systems<\/p>\t\t\t\t\t\t\t\t<\/div>\n\t\t\t\t<\/div>\n\t\t\t\t\t<\/div>\n\t\t<\/div>\n\t\t\t\t\t<\/div>\n\t\t<\/section>\n\t\t\t\t\t<\/div>\n\t\t<\/div>\n\t\t\t\t\t<\/div>\n\t\t<\/section>\n\t\t\t\t<section class=\"elementor-section elementor-top-section elementor-element elementor-element-e1ed6f7 elementor-section-boxed elementor-section-height-default elementor-section-height-default\" data-id=\"e1ed6f7\" data-element_type=\"section\" data-e-type=\"section\">\n\t\t\t\t\t\t<div class=\"elementor-container elementor-column-gap-no\">\n\t\t\t\t\t<div class=\"elementor-column elementor-col-100 elementor-top-column elementor-element elementor-element-1b3a9f2\" data-id=\"1b3a9f2\" data-element_type=\"column\" data-e-type=\"column\">\n\t\t\t<div class=\"elementor-widget-wrap elementor-element-populated\">\n\t\t\t\t\t\t<section class=\"elementor-section elementor-inner-section elementor-element elementor-element-1d445dc elementor-section-boxed elementor-section-height-default elementor-section-height-default\" data-id=\"1d445dc\" data-element_type=\"section\" data-e-type=\"section\">\n\t\t\t\t\t\t<div class=\"elementor-container elementor-column-gap-no\">\n\t\t\t\t\t<div class=\"elementor-column elementor-col-100 elementor-inner-column elementor-element elementor-element-c845d99\" data-id=\"c845d99\" data-element_type=\"column\" data-e-type=\"column\">\n\t\t\t<div class=\"elementor-widget-wrap elementor-element-populated\">\n\t\t\t\t\t\t<div class=\"elementor-element elementor-element-5355250 elementor-widget elementor-widget-heading\" data-id=\"5355250\" data-element_type=\"widget\" data-e-type=\"widget\" data-widget_type=\"heading.default\">\n\t\t\t\t<div class=\"elementor-widget-container\">\n\t\t\t\t\t<h6 class=\"elementor-heading-title elementor-size-default\"><a href=\"https:\/\/diegofmaya.com\/es\/projects\/\">El esp\u00edritu latino THE LATINO SPIRIT<\/a><\/h6>\t\t\t\t<\/div>\n\t\t\t\t<\/div>\n\t\t\t\t<div class=\"elementor-element elementor-element-101ac51 elementor-widget elementor-widget-text-editor\" data-id=\"101ac51\" data-element_type=\"widget\" data-e-type=\"widget\" data-widget_type=\"text-editor.default\">\n\t\t\t\t<div class=\"elementor-widget-container\">\n\t\t\t\t\t\t\t\t\t<p>A platform for distributing civic information, storytelling, and community voice<\/p>\t\t\t\t\t\t\t\t<\/div>\n\t\t\t\t<\/div>\n\t\t\t\t\t<\/div>\n\t\t<\/div>\n\t\t\t\t\t<\/div>\n\t\t<\/section>\n\t\t\t\t\t<\/div>\n\t\t<\/div>\n\t\t\t\t\t<\/div>\n\t\t<\/section>\n\t\t\t\t<section class=\"elementor-section elementor-top-section elementor-element elementor-element-45a7369 elementor-section-boxed elementor-section-height-default elementor-section-height-default\" data-id=\"45a7369\" data-element_type=\"section\" data-e-type=\"section\">\n\t\t\t\t\t\t<div class=\"elementor-container elementor-column-gap-no\">\n\t\t\t\t\t<div class=\"elementor-column elementor-col-100 elementor-top-column elementor-element elementor-element-6cb2726\" data-id=\"6cb2726\" data-element_type=\"column\" data-e-type=\"column\">\n\t\t\t<div class=\"elementor-widget-wrap elementor-element-populated\">\n\t\t\t\t\t\t<section class=\"elementor-section elementor-inner-section elementor-element elementor-element-f97fd9a elementor-section-boxed elementor-section-height-default elementor-section-height-default\" data-id=\"f97fd9a\" data-element_type=\"section\" data-e-type=\"section\">\n\t\t\t\t\t\t<div class=\"elementor-container elementor-column-gap-no\">\n\t\t\t\t\t<div class=\"elementor-column elementor-col-100 elementor-inner-column elementor-element elementor-element-6a6a77f\" data-id=\"6a6a77f\" data-element_type=\"column\" data-e-type=\"column\">\n\t\t\t<div class=\"elementor-widget-wrap elementor-element-populated\">\n\t\t\t\t\t\t<div class=\"elementor-element elementor-element-65b285e elementor-widget elementor-widget-heading\" data-id=\"65b285e\" data-element_type=\"widget\" data-e-type=\"widget\" data-widget_type=\"heading.default\">\n\t\t\t\t<div class=\"elementor-widget-container\">\n\t\t\t\t\t<h6 class=\"elementor-heading-title elementor-size-default\"><a href=\"https:\/\/diegofmaya.com\/es\/projects\/\">El \u00edndice latino - THE LATINO INDEX<\/a><\/h6>\t\t\t\t<\/div>\n\t\t\t\t<\/div>\n\t\t\t\t\t<\/div>\n\t\t<\/div>\n\t\t\t\t\t<\/div>\n\t\t<\/section>\n\t\t\t\t\t<\/div>\n\t\t<\/div>\n\t\t\t\t\t<\/div>\n\t\t<\/section>\n\t\t\t\t<section class=\"elementor-section elementor-top-section elementor-element elementor-element-d9dc6af elementor-section-boxed elementor-section-height-default elementor-section-height-default\" data-id=\"d9dc6af\" data-element_type=\"section\" data-e-type=\"section\">\n\t\t\t\t\t\t<div class=\"elementor-container elementor-column-gap-no\">\n\t\t\t\t\t<div class=\"elementor-column elementor-col-100 elementor-top-column elementor-element elementor-element-88a2b1b\" data-id=\"88a2b1b\" data-element_type=\"column\" data-e-type=\"column\">\n\t\t\t<div class=\"elementor-widget-wrap elementor-element-populated\">\n\t\t\t\t\t\t<section class=\"elementor-section elementor-inner-section elementor-element elementor-element-a4a2f7e elementor-section-boxed elementor-section-height-default elementor-section-height-default\" data-id=\"a4a2f7e\" data-element_type=\"section\" data-e-type=\"section\">\n\t\t\t\t\t\t<div class=\"elementor-container elementor-column-gap-no\">\n\t\t\t\t\t<div class=\"elementor-column elementor-col-100 elementor-inner-column elementor-element elementor-element-3ac1b22\" data-id=\"3ac1b22\" data-element_type=\"column\" data-e-type=\"column\">\n\t\t\t<div class=\"elementor-widget-wrap elementor-element-populated\">\n\t\t\t\t\t\t<div class=\"elementor-element elementor-element-25eca85 elementor-widget elementor-widget-text-editor\" data-id=\"25eca85\" data-element_type=\"widget\" data-e-type=\"widget\" data-widget_type=\"text-editor.default\">\n\t\t\t\t<div class=\"elementor-widget-container\">\n\t\t\t\t\t\t\t\t\t<p>A documentation and visibility platform for leadership, resources, and impact<\/p>\t\t\t\t\t\t\t\t<\/div>\n\t\t\t\t<\/div>\n\t\t\t\t<div class=\"elementor-element elementor-element-d0b6a49 elementor-widget elementor-widget-heading\" data-id=\"d0b6a49\" data-element_type=\"widget\" data-e-type=\"widget\" data-widget_type=\"heading.default\">\n\t\t\t\t<div class=\"elementor-widget-container\">\n\t\t\t\t\t<h6 class=\"elementor-heading-title elementor-size-default\"><a href=\"https:\/\/diegofmaya.com\/es\/projects\/\">Esperanza para las ni\u00f1as<\/a><\/h6>\t\t\t\t<\/div>\n\t\t\t\t<\/div>\n\t\t\t\t<div class=\"elementor-element elementor-element-94b294f elementor-widget elementor-widget-text-editor\" data-id=\"94b294f\" data-element_type=\"widget\" data-e-type=\"widget\" data-widget_type=\"text-editor.default\">\n\t\t\t\t<div class=\"elementor-widget-container\">\n\t\t\t\t\t\t\t\t\t<p>Human development and empowerment work for vulnerable girls and survivors.<\/p>\t\t\t\t\t\t\t\t<\/div>\n\t\t\t\t<\/div>\n\t\t\t\t\t<\/div>\n\t\t<\/div>\n\t\t\t\t\t<\/div>\n\t\t<\/section>\n\t\t\t\t\t<\/div>\n\t\t<\/div>\n\t\t\t\t\t<\/div>\n\t\t<\/section>\n\t\t\t\t<section class=\"elementor-section elementor-top-section elementor-element elementor-element-63b7628 elementor-section-boxed elementor-section-height-default elementor-section-height-default\" data-id=\"63b7628\" data-element_type=\"section\" data-e-type=\"section\">\n\t\t\t\t\t\t<div class=\"elementor-container elementor-column-gap-no\">\n\t\t\t\t\t<div class=\"elementor-column elementor-col-100 elementor-top-column elementor-element elementor-element-51bf9f0\" data-id=\"51bf9f0\" data-element_type=\"column\" data-e-type=\"column\">\n\t\t\t<div class=\"elementor-widget-wrap elementor-element-populated\">\n\t\t\t\t\t\t<section class=\"elementor-section elementor-inner-section elementor-element elementor-element-15e66e4 elementor-section-boxed elementor-section-height-default elementor-section-height-default\" data-id=\"15e66e4\" data-element_type=\"section\" data-e-type=\"section\">\n\t\t\t\t\t\t<div class=\"elementor-container elementor-column-gap-no\">\n\t\t\t\t\t<div class=\"elementor-column elementor-col-100 elementor-inner-column elementor-element elementor-element-ed70655\" data-id=\"ed70655\" data-element_type=\"column\" data-e-type=\"column\">\n\t\t\t<div class=\"elementor-widget-wrap elementor-element-populated\">\n\t\t\t\t\t\t<div class=\"elementor-element elementor-element-d65c9c5 elementor-widget elementor-widget-heading\" data-id=\"d65c9c5\" data-element_type=\"widget\" data-e-type=\"widget\" data-widget_type=\"heading.default\">\n\t\t\t\t<div class=\"elementor-widget-container\">\n\t\t\t\t\t<h6 class=\"elementor-heading-title elementor-size-default\"><a href=\"https:\/\/diegofmaya.com\/es\/projects\/\">U.S. Latino Affairs Initiatives<\/a><\/h6>\t\t\t\t<\/div>\n\t\t\t\t<\/div>\n\t\t\t\t<div class=\"elementor-element elementor-element-afc0412 elementor-widget elementor-widget-text-editor\" data-id=\"afc0412\" data-element_type=\"widget\" data-e-type=\"widget\" data-widget_type=\"text-editor.default\">\n\t\t\t\t<div class=\"elementor-widget-container\">\n\t\t\t\t\t\t\t\t\t<p>Deployment of public benefits, outreach, and community service infrastructure.<\/p>\t\t\t\t\t\t\t\t<\/div>\n\t\t\t\t<\/div>\n\t\t\t\t\t<\/div>\n\t\t<\/div>\n\t\t\t\t\t<\/div>\n\t\t<\/section>\n\t\t\t\t\t<\/div>\n\t\t<\/div>\n\t\t\t\t\t<\/div>\n\t\t<\/section>\n\t\t\t\t<section class=\"elementor-section elementor-top-section elementor-element elementor-element-9626bdc elementor-section-boxed elementor-section-height-default elementor-section-height-default\" data-id=\"9626bdc\" data-element_type=\"section\" data-e-type=\"section\">\n\t\t\t\t\t\t<div class=\"elementor-container elementor-column-gap-no\">\n\t\t\t\t\t<div class=\"elementor-column elementor-col-100 elementor-top-column elementor-element elementor-element-d4816cc\" data-id=\"d4816cc\" data-element_type=\"column\" data-e-type=\"column\">\n\t\t\t<div class=\"elementor-widget-wrap elementor-element-populated\">\n\t\t\t\t\t\t<section class=\"elementor-section elementor-inner-section elementor-element elementor-element-5d4ed83 elementor-section-boxed elementor-section-height-default elementor-section-height-default\" data-id=\"5d4ed83\" data-element_type=\"section\" data-e-type=\"section\">\n\t\t\t\t\t\t<div class=\"elementor-container elementor-column-gap-no\">\n\t\t\t\t\t<div class=\"elementor-column elementor-col-100 elementor-inner-column elementor-element elementor-element-11b6053\" data-id=\"11b6053\" data-element_type=\"column\" data-e-type=\"column\">\n\t\t\t<div class=\"elementor-widget-wrap elementor-element-populated\">\n\t\t\t\t\t\t<div class=\"elementor-element elementor-element-f19a3b7 elementor-widget elementor-widget-heading\" data-id=\"f19a3b7\" data-element_type=\"widget\" data-e-type=\"widget\" data-widget_type=\"heading.default\">\n\t\t\t\t<div class=\"elementor-widget-container\">\n\t\t\t\t\t<h6 class=\"elementor-heading-title elementor-size-default\"><a href=\"https:\/\/diegofmaya.com\/es\/projects\/\">ALFOMBRA ROJA LATINA DE NJ<\/a><\/h6>\t\t\t\t<\/div>\n\t\t\t\t<\/div>\n\t\t\t\t<div class=\"elementor-element elementor-element-f2e8a42 elementor-widget elementor-widget-text-editor\" data-id=\"f2e8a42\" data-element_type=\"widget\" data-e-type=\"widget\" data-widget_type=\"text-editor.default\">\n\t\t\t\t<div class=\"elementor-widget-container\">\n\t\t\t\t\t\t\t\t\t<p>Extendemos una alfombra roja para la excelencia latina: el principal evento gala de Nueva\nJersey.<\/p>\t\t\t\t\t\t\t\t<\/div>\n\t\t\t\t<\/div>\n\t\t\t\t\t<\/div>\n\t\t<\/div>\n\t\t\t\t\t<\/div>\n\t\t<\/section>\n\t\t\t\t\t<\/div>\n\t\t<\/div>\n\t\t\t\t\t<\/div>\n\t\t<\/section>\n\t\t\t\t<section class=\"elementor-section elementor-top-section elementor-element elementor-element-ff7fb89 elementor-section-boxed elementor-section-height-default elementor-section-height-default\" data-id=\"ff7fb89\" data-element_type=\"section\" data-e-type=\"section\">\n\t\t\t\t\t\t<div class=\"elementor-container elementor-column-gap-no\">\n\t\t\t\t\t<div class=\"elementor-column elementor-col-100 elementor-top-column elementor-element elementor-element-fa625c0\" data-id=\"fa625c0\" data-element_type=\"column\" data-e-type=\"column\">\n\t\t\t<div class=\"elementor-widget-wrap elementor-element-populated\">\n\t\t\t\t\t\t<section class=\"elementor-section elementor-inner-section elementor-element elementor-element-a20cc74 elementor-section-boxed elementor-section-height-default elementor-section-height-default\" data-id=\"a20cc74\" data-element_type=\"section\" data-e-type=\"section\">\n\t\t\t\t\t\t<div class=\"elementor-container elementor-column-gap-no\">\n\t\t\t\t\t<div class=\"elementor-column elementor-col-50 elementor-inner-column elementor-element elementor-element-732a3a5\" data-id=\"732a3a5\" data-element_type=\"column\" data-e-type=\"column\">\n\t\t\t<div class=\"elementor-widget-wrap elementor-element-populated\">\n\t\t\t\t\t\t<div class=\"elementor-element elementor-element-6b495b7 elementor-widget elementor-widget-heading\" data-id=\"6b495b7\" data-element_type=\"widget\" data-e-type=\"widget\" data-widget_type=\"heading.default\">\n\t\t\t\t<div class=\"elementor-widget-container\">\n\t\t\t\t\t<h6 class=\"elementor-heading-title elementor-size-default\">El viaje de diego<\/h6>\t\t\t\t<\/div>\n\t\t\t\t<\/div>\n\t\t\t\t\t<\/div>\n\t\t<\/div>\n\t\t\t\t<div class=\"elementor-column elementor-col-50 elementor-inner-column elementor-element elementor-element-f9fc07c\" data-id=\"f9fc07c\" data-element_type=\"column\" data-e-type=\"column\">\n\t\t\t<div class=\"elementor-widget-wrap elementor-element-populated\">\n\t\t\t\t\t\t<div class=\"elementor-element elementor-element-b302613 elementor-widget elementor-widget-image-box\" data-id=\"b302613\" data-element_type=\"widget\" data-e-type=\"widget\" data-widget_type=\"image-box.default\">\n\t\t\t\t<div class=\"elementor-widget-container\">\n\t\t\t\t\t<div class=\"elementor-image-box-wrapper\"><div class=\"elementor-image-box-content\"><p class=\"elementor-image-box-description\">El viaje de Diego F. Maya para convertirse en un emprendedor social y defensor de la\ncomunidad latina est\u00e1 profundamente arraigado en sus diversas experiencias de vida. Desde\nsu crianza entre tribus ind\u00edgenas en Colombia hasta sus encuentros con diversas culturas en\nTexas, Georgia, Nueva Jersey, Colombia y Alemania, el camino de Diego ha estado marcado\npor un profundo aprecio por la diversidad cultural y un compromiso de generar un impacto\npositivo. <\/br><\/br>\nInspirado por los actos de bondad de su madre y el altruismo de su t\u00eda Teresita, Diego se\nembarc\u00f3 en una misi\u00f3n para animar a los dem\u00e1s y crear un cambio positivo. Su experiencia en\nsistemas de informaci\u00f3n inform\u00e1tica y negocios, combinada con su inteligencia callejera y\nempat\u00eda, lo posicionan de manera \u00fanica para navegar las complejidades del emprendimiento\nsocial y el empoderamiento comunitario.<\/p><\/div><\/div>\t\t\t\t<\/div>\n\t\t\t\t<\/div>\n\t\t\t\t\t<\/div>\n\t\t<\/div>\n\t\t\t\t\t<\/div>\n\t\t<\/section>\n\t\t\t\t<section class=\"elementor-section elementor-inner-section elementor-element elementor-element-a4b820e elementor-section-boxed elementor-section-height-default elementor-section-height-default\" data-id=\"a4b820e\" data-element_type=\"section\" data-e-type=\"section\">\n\t\t\t\t\t\t<div class=\"elementor-container elementor-column-gap-no\">\n\t\t\t\t\t<div class=\"elementor-column elementor-col-50 elementor-inner-column elementor-element elementor-element-5724330\" data-id=\"5724330\" data-element_type=\"column\" data-e-type=\"column\">\n\t\t\t<div class=\"elementor-widget-wrap elementor-element-populated\">\n\t\t\t\t\t\t<div class=\"elementor-element elementor-element-ca6e527 elementor-widget elementor-widget-heading\" data-id=\"ca6e527\" data-element_type=\"widget\" data-e-type=\"widget\" data-widget_type=\"heading.default\">\n\t\t\t\t<div class=\"elementor-widget-container\">\n\t\t\t\t\t<h6 class=\"elementor-heading-title elementor-size-default\">Proyectos e Iniciativas<\/h6>\t\t\t\t<\/div>\n\t\t\t\t<\/div>\n\t\t\t\t\t<\/div>\n\t\t<\/div>\n\t\t\t\t<div class=\"elementor-column elementor-col-50 elementor-inner-column elementor-element elementor-element-0624c73\" data-id=\"0624c73\" data-element_type=\"column\" data-e-type=\"column\">\n\t\t\t<div class=\"elementor-widget-wrap elementor-element-populated\">\n\t\t\t\t\t\t<div class=\"elementor-element elementor-element-7ee9a36 elementor-widget elementor-widget-image-box\" data-id=\"7ee9a36\" data-element_type=\"widget\" data-e-type=\"widget\" data-widget_type=\"image-box.default\">\n\t\t\t\t<div class=\"elementor-widget-container\">\n\t\t\t\t\t<div class=\"elementor-image-box-wrapper\"><div class=\"elementor-image-box-content\"><p class=\"elementor-image-box-description\">La cartera actual de Diego incluye dos empresas con una amplia gama de proyectos e\niniciativas, cada una dirigida a abordar necesidades espec\u00edficas dentro y fuera de la comunidad\nlatina:<\/p><\/div><\/div>\t\t\t\t<\/div>\n\t\t\t\t<\/div>\n\t\t\t\t<div class=\"elementor-element elementor-element-623a05a elementor-widget elementor-widget-text-editor\" data-id=\"623a05a\" data-element_type=\"widget\" data-e-type=\"widget\" data-widget_type=\"text-editor.default\">\n\t\t\t\t<div class=\"elementor-widget-container\">\n\t\t\t\t\t\t\t\t\t<ul><li><strong>Latino Spirit Media:<\/strong> A company dedicated to producing professional multimedia content that<br \/>informs, inspires, and empowers Latinos.<\/li><li><strong>Simultaneous Broadcasting Interpretations:<\/strong> Contracts executed to provide interpretation<br \/>services for municipalities and educational institutions.<\/li><li><strong>United States Latino Affairs Initiatives:<\/strong> A nonprofit organization focused on processing energy<br \/>assistance applications for Passaic County residents.<\/li><li><strong>Hope for Girls:<\/strong> An initiative providing support and resources to girls affected by sex trafficking<br \/>and abuse, including educational opportunities and vocational training.<\/li><li><strong>Food on Tables Program:<\/strong> A collaborative effort to distribute food to underserved communities<br \/>in inner cities.<\/li><li><strong>Community Forums:<\/strong> Engaging dialogues with local officials to address issues impacting the<br \/>Latino community.<\/li><li><strong>The Latino Spirit:<\/strong> A platform showcasing the diverse talents and contributions of Latinos,<br \/>challenging stereotypes, and promoting positive narratives.<br \/>5 of 15<\/li><li><strong>NJ en Vivo:<\/strong> A Facebook page broadcasting live videos published by The Latino Spirit,<br \/>fostering community engagement and connection.<\/li><li><strong>New Jersey Latino Red Carpet:<\/strong> An annual event celebrating Latino achievements and<br \/>contributions, fostering community pride and unity.<\/li><li><strong>A Toy for Smiles:<\/strong> Distributing toys donated by Toys for Tots to children in need across South,<br \/>Central, and Caribbean countries.<\/li><li><strong>Hablamos Tecnologia:<\/strong> An international forum facilitating discussions on technology among<br \/>Spanish-speaking professionals.<\/li><li><strong>The Latino Index:<\/strong> A comprehensive digital hub listing resources and information relevant to the<br \/>Latino community in New Jersey.<\/li><li><strong>New Jersey Latino Public Media:<\/strong> Providing unbiased Spanish-language information to<br \/>residents of New Jersey.<\/li><\/ul>\t\t\t\t\t\t\t\t<\/div>\n\t\t\t\t<\/div>\n\t\t\t\t\t<\/div>\n\t\t<\/div>\n\t\t\t\t\t<\/div>\n\t\t<\/section>\n\t\t\t\t\t<\/div>\n\t\t<\/div>\n\t\t\t\t\t<\/div>\n\t\t<\/section>\n\t\t\t\t<section class=\"elementor-section elementor-top-section elementor-element elementor-element-e287d44 elementor-section-boxed elementor-section-height-default elementor-section-height-default\" data-id=\"e287d44\" data-element_type=\"section\" data-e-type=\"section\">\n\t\t\t\t\t\t<div class=\"elementor-container elementor-column-gap-no\">\n\t\t\t\t\t<div class=\"elementor-column elementor-col-100 elementor-top-column elementor-element elementor-element-5cd91de\" data-id=\"5cd91de\" data-element_type=\"column\" data-e-type=\"column\">\n\t\t\t<div class=\"elementor-widget-wrap elementor-element-populated\">\n\t\t\t\t\t\t<section class=\"elementor-section elementor-inner-section elementor-element elementor-element-95f4145 elementor-section-boxed elementor-section-height-default elementor-section-height-default\" data-id=\"95f4145\" data-element_type=\"section\" data-e-type=\"section\">\n\t\t\t\t\t\t<div class=\"elementor-container elementor-column-gap-no\">\n\t\t\t\t\t<div class=\"elementor-column elementor-col-100 elementor-inner-column elementor-element elementor-element-48d1810\" data-id=\"48d1810\" data-element_type=\"column\" data-e-type=\"column\">\n\t\t\t<div class=\"elementor-widget-wrap elementor-element-populated\">\n\t\t\t\t\t\t<div class=\"elementor-element elementor-element-c808102 elementor-widget elementor-widget-heading\" data-id=\"c808102\" data-element_type=\"widget\" data-e-type=\"widget\" data-widget_type=\"heading.default\">\n\t\t\t\t<div class=\"elementor-widget-container\">\n\t\t\t\t\t<h6 class=\"elementor-heading-title elementor-size-default\">Empoderando a la comunidad<\/h6>\t\t\t\t<\/div>\n\t\t\t\t<\/div>\n\t\t\t\t<div class=\"elementor-element elementor-element-2a18895 elementor-widget elementor-widget-text-editor\" data-id=\"2a18895\" data-element_type=\"widget\" data-e-type=\"widget\" data-widget_type=\"text-editor.default\">\n\t\t\t\t<div class=\"elementor-widget-container\">\n\t\t\t\t\t\t\t\t\tLos proyectos de Diego est\u00e1n impulsados por un profundo compromiso de informar, inspirar,\neducar y empoderar a la comunidad latina. A trav\u00e9s de contenido multimedia, iniciativas\neducativas, capacitaci\u00f3n vocacional, participaci\u00f3n comunitaria y esfuerzos filantr\u00f3picos, Diego\nse esfuerza por crear oportunidades, fomentar la unidad y promover el orgullo y el avance\ncultural.\t\t\t\t\t\t\t\t<\/div>\n\t\t\t\t<\/div>\n\t\t\t\t\t<\/div>\n\t\t<\/div>\n\t\t\t\t\t<\/div>\n\t\t<\/section>\n\t\t\t\t<section class=\"elementor-section elementor-inner-section elementor-element elementor-element-02c855c elementor-section-boxed elementor-section-height-default elementor-section-height-default\" data-id=\"02c855c\" data-element_type=\"section\" data-e-type=\"section\">\n\t\t\t\t\t\t<div class=\"elementor-container elementor-column-gap-no\">\n\t\t\t\t\t<div class=\"elementor-column elementor-col-100 elementor-inner-column elementor-element elementor-element-592518e\" data-id=\"592518e\" data-element_type=\"column\" data-e-type=\"column\">\n\t\t\t<div class=\"elementor-widget-wrap elementor-element-populated\">\n\t\t\t\t\t\t<div class=\"elementor-element elementor-element-31379ed elementor-widget elementor-widget-image-box\" data-id=\"31379ed\" data-element_type=\"widget\" data-e-type=\"widget\" data-widget_type=\"image-box.default\">\n\t\t\t\t<div class=\"elementor-widget-container\">\n\t\t\t\t\t<div class=\"elementor-image-box-wrapper\"><div class=\"elementor-image-box-content\"><h5 class=\"elementor-image-box-title\"><a href=\"#\">Con\u00e9ctate con Diego<\/a><\/h5><p class=\"elementor-image-box-description\">\u00danase a Diego F. Maya en su viaje para crear un cambio positivo y construir un futuro mejor\npara la comunidad latina y m\u00e1s all\u00e1. Explore los proyectos, iniciativas e historias compartidas\nen DiegoFMaya.com y comun\u00edquese para obtener m\u00e1s informaci\u00f3n sobre c\u00f3mo puede\nparticipar. Juntos, marquemos la diferencia, paso a paso. Bienvenido al mundo transformador\nde Diego F. Maya.<\/p><\/div><\/div>\t\t\t\t<\/div>\n\t\t\t\t<\/div>\n\t\t\t\t\t<\/div>\n\t\t<\/div>\n\t\t\t\t\t<\/div>\n\t\t<\/section>\n\t\t\t\t\t<\/div>\n\t\t<\/div>\n\t\t\t\t\t<\/div>\n\t\t<\/section>\n\t\t\t\t<section class=\"elementor-section elementor-top-section elementor-element elementor-element-bzedzkr elementor-section-boxed elementor-section-height-default elementor-section-height-default\" data-id=\"bzedzkr\" data-element_type=\"section\" data-e-type=\"section\">\n\t\t\t\t\t\t<div class=\"elementor-container elementor-column-gap-default\">\n\t\t\t\t\t<div class=\"elementor-column elementor-col-100 elementor-top-column elementor-element elementor-element-71ce628\" data-id=\"71ce628\" data-element_type=\"column\" data-e-type=\"column\">\n\t\t\t<div class=\"elementor-widget-wrap elementor-element-populated\">\n\t\t\t\t\t\t<div class=\"elementor-element elementor-element-967abd8 elementor-widget elementor-widget-heading\" data-id=\"967abd8\" data-element_type=\"widget\" data-e-type=\"widget\" data-widget_type=\"heading.default\">\n\t\t\t\t<div class=\"elementor-widget-container\">\n\t\t\t\t\t<h2 class=\"elementor-heading-title elementor-size-default\">Preguntas frecuentes<\/h2>\t\t\t\t<\/div>\n\t\t\t\t<\/div>\n\t\t\t\t<div class=\"elementor-element elementor-element-37416a3 elementor-widget-divider--view-line elementor-widget elementor-widget-divider\" data-id=\"37416a3\" data-element_type=\"widget\" data-e-type=\"widget\" data-widget_type=\"divider.default\">\n\t\t\t\t<div class=\"elementor-widget-container\">\n\t\t\t\t\t\t\t<div class=\"elementor-divider\">\n\t\t\t<span class=\"elementor-divider-separator\">\n\t\t\t\t\t\t<\/span>\n\t\t<\/div>\n\t\t\t\t\t\t<\/div>\n\t\t\t\t<\/div>\n\t\t\t\t<section class=\"elementor-section elementor-inner-section elementor-element elementor-element-e9e4f0f elementor-section-boxed elementor-section-height-default elementor-section-height-default\" data-id=\"e9e4f0f\" data-element_type=\"section\" data-e-type=\"section\">\n\t\t\t\t\t\t<div class=\"elementor-container elementor-column-gap-wider\">\n\t\t\t\t\t<div class=\"elementor-column elementor-col-100 elementor-inner-column elementor-element elementor-element-efa76e8\" data-id=\"efa76e8\" data-element_type=\"column\" data-e-type=\"column\">\n\t\t\t<div class=\"elementor-widget-wrap elementor-element-populated\">\n\t\t\t\t\t\t<div class=\"elementor-element elementor-element-f58105b elementor-widget elementor-widget-accordion\" data-id=\"f58105b\" data-element_type=\"widget\" data-e-type=\"widget\" data-widget_type=\"accordion.default\">\n\t\t\t\t<div class=\"elementor-widget-container\">\n\t\t\t\t\t\t\t<div class=\"elementor-accordion\">\n\t\t\t\t\t\t\t<div class=\"elementor-accordion-item\">\n\t\t\t\t\t<div id=\"elementor-tab-title-2571\" class=\"elementor-tab-title\" data-tab=\"1\" role=\"button\" aria-controls=\"elementor-tab-content-2571\" aria-expanded=\"false\">\n\t\t\t\t\t\t\t\t\t\t\t\t\t<span class=\"elementor-accordion-icon elementor-accordion-icon-right\" aria-hidden=\"true\">\n\t\t\t\t\t\t\t\t\t\t\t\t\t\t\t<span class=\"elementor-accordion-icon-closed\"><svg class=\"e-font-icon-svg e-fas-angle-right\" viewbox=\"0 0 256 512\" xmlns=\"http:\/\/www.w3.org\/2000\/svg\"><path d=\"M224.3 273l-136 136c-9.4 9.4-24.6 9.4-33.9 0l-22.6-22.6c-9.4-9.4-9.4-24.6 0-33.9l96.4-96.4-96.4-96.4c-9.4-9.4-9.4-24.6 0-33.9L54.3 103c9.4-9.4 24.6-9.4 33.9 0l136 136c9.5 9.4 9.5 24.6.1 34z\"><\/path><\/svg><\/span>\n\t\t\t\t\t\t\t\t<span class=\"elementor-accordion-icon-opened\"><svg class=\"e-font-icon-svg e-fas-angle-down\" viewbox=\"0 0 320 512\" xmlns=\"http:\/\/www.w3.org\/2000\/svg\"><path d=\"M143 352.3L7 216.3c-9.4-9.4-9.4-24.6 0-33.9l22.6-22.6c9.4-9.4 24.6-9.4 33.9 0l96.4 96.4 96.4-96.4c9.4-9.4 24.6-9.4 33.9 0l22.6 22.6c9.4 9.4 9.4 24.6 0 33.9l-136 136c-9.2 9.4-24.4 9.4-33.8 0z\"><\/path><\/svg><\/span>\n\t\t\t\t\t\t\t\t\t\t\t\t\t\t<\/span>\n\t\t\t\t\t\t\t\t\t\t\t\t<a class=\"elementor-accordion-title\" tabindex=\"0\">\u00bfQu\u00e9 te inspir\u00f3 a convertirte en emprendedor social y dedicar tu vida a empoderar a la\ncomunidad latina?<\/a>\n\t\t\t\t\t<\/div>\n\t\t\t\t\t<div id=\"elementor-tab-content-2571\" class=\"elementor-tab-content elementor-clearfix\" data-tab=\"1\" role=\"region\" aria-labelledby=\"elementor-tab-title-2571\"><p>Mi viaje para convertirme en emprendedor social y dedicar mi vida a empoderar a la comunidad latina\nestuvo profundamente influenciado por una serie de experiencias impactantes. Desde vivir entre tribus\nind\u00edgenas en Colombia hasta ser testigo de la estructura prejuiciosa de las comunidades turcas en\nAlemania, cada encuentro molde\u00f3 mi comprensi\u00f3n del mundo y la importancia de generar un impacto\npositivo.<\/p>\n\n<p>Sin embargo, fue ser testigo de los actos de bondad de mi madre, particularmente cuando regalaba\njuguetes a ni\u00f1os desfavorecidos a pesar de nuestras propias circunstancias, lo que me inspir\u00f3\nprofundamente. Su altruismo me ense\u00f1\u00f3 el poder transformador de la generosidad y la compasi\u00f3n,\nencendiendo en m\u00ed una pasi\u00f3n por elevar a los dem\u00e1s y crear un cambio positivo.<\/p>\n\n<p>Adem\u00e1s, mi t\u00eda Teresita jug\u00f3 un papel importante al moldear mis valores y guiar mi camino. Como monja\ny directora de un orfanato, dedic\u00f3 su vida a servir a los necesitados, ejemplificando una vida de altruismo\ny devoci\u00f3n religiosa a la paz, la generosidad y la escucha. Incluso despu\u00e9s de jubilarse como profesora\nde enfermer\u00eda, ella continu\u00f3 viviendo conmigo, encarnando los principios de compasi\u00f3n y servicio en\ncada aspecto de su vida. Su compromiso inquebrantable de ayudar a los dem\u00e1s, desde familiares hasta\nmendigos callejeros, dej\u00f3 una marca indeleble en mi coraz\u00f3n y reforz\u00f3 mi creencia en el poder de la\nempat\u00eda y la acci\u00f3n.<\/p>\n\n<p>Impulsada por estos principios rectores y el ejemplo de mi madre y mi t\u00eda Teresita, me embarqu\u00e9 en la\nmisi\u00f3n de aprovechar mis habilidades en multimedia, gesti\u00f3n de proyectos y apreciaci\u00f3n cultural para\ninformar, inspirar, educar y empoderar a la comunidad latina. A trav\u00e9s de mi trabajo como emprendedor,\nmi objetivo es construir puentes, crear oportunidades y fomentar la unidad dentro de nuestra sociedad\ndiversa.<\/p>\n\n<p>En esencia, mi viaje est\u00e1 impulsado por la creencia de que cada individuo, independientemente de sus\nantecedentes o circunstancias, merece la oportunidad de prosperar y contribuir a un mundo m\u00e1s\nequitativo e inclusivo.<\/p>\n<\/div>\n\t\t\t\t<\/div>\n\t\t\t\t\t\t\t<div class=\"elementor-accordion-item\">\n\t\t\t\t\t<div id=\"elementor-tab-title-2572\" class=\"elementor-tab-title\" data-tab=\"2\" role=\"button\" aria-controls=\"elementor-tab-content-2572\" aria-expanded=\"false\">\n\t\t\t\t\t\t\t\t\t\t\t\t\t<span class=\"elementor-accordion-icon elementor-accordion-icon-right\" aria-hidden=\"true\">\n\t\t\t\t\t\t\t\t\t\t\t\t\t\t\t<span class=\"elementor-accordion-icon-closed\"><svg class=\"e-font-icon-svg e-fas-angle-right\" viewbox=\"0 0 256 512\" xmlns=\"http:\/\/www.w3.org\/2000\/svg\"><path d=\"M224.3 273l-136 136c-9.4 9.4-24.6 9.4-33.9 0l-22.6-22.6c-9.4-9.4-9.4-24.6 0-33.9l96.4-96.4-96.4-96.4c-9.4-9.4-9.4-24.6 0-33.9L54.3 103c9.4-9.4 24.6-9.4 33.9 0l136 136c9.5 9.4 9.5 24.6.1 34z\"><\/path><\/svg><\/span>\n\t\t\t\t\t\t\t\t<span class=\"elementor-accordion-icon-opened\"><svg class=\"e-font-icon-svg e-fas-angle-down\" viewbox=\"0 0 320 512\" xmlns=\"http:\/\/www.w3.org\/2000\/svg\"><path d=\"M143 352.3L7 216.3c-9.4-9.4-9.4-24.6 0-33.9l22.6-22.6c9.4-9.4 24.6-9.4 33.9 0l96.4 96.4 96.4-96.4c9.4-9.4 24.6-9.4 33.9 0l22.6 22.6c9.4 9.4 9.4 24.6 0 33.9l-136 136c-9.2 9.4-24.4 9.4-33.8 0z\"><\/path><\/svg><\/span>\n\t\t\t\t\t\t\t\t\t\t\t\t\t\t<\/span>\n\t\t\t\t\t\t\t\t\t\t\t\t<a class=\"elementor-accordion-title\" tabindex=\"0\">\u00bfPuede compartir algunos hitos o experiencias clave que hayan dado forma a su viaje y lo hayan\nllevado a donde se encuentra hoy?<\/a>\n\t\t\t\t\t<\/div>\n\t\t\t\t\t<div id=\"elementor-tab-content-2572\" class=\"elementor-tab-content elementor-clearfix\" data-tab=\"2\" role=\"region\" aria-labelledby=\"elementor-tab-title-2572\"><p>El viaje de Diego F. Maya es un testimonio de resiliencia, determinaci\u00f3n y un compromiso incesante para\ngenerar un impacto positivo en el mundo. Su camino comenz\u00f3 asesorando a j\u00f3venes encarcelados y\nense\u00f1ando matem\u00e1ticas a adultos en prisi\u00f3n, demostrando su dedicaci\u00f3n para ayudar a otros a superar\ndesaf\u00edos y reconstruir sus vidas. A pesar de enfrentar dificultades personales, incluido el divorcio y el\nabandono, Diego persever\u00f3 y sigui\u00f3 sus estudios superiores, hasta que finalmente consigui\u00f3 un puesto\nen una empresa de investigaci\u00f3n farmac\u00e9utica de Fortune 500.<\/p>\n\n<p>El esp\u00edritu emprendedor de Diego lo llev\u00f3 a establecer su propio negocio de marketing enfocado en servir\na la comunidad latina, culminando con el exitoso lanzamiento de \"Hablamos Espa\u00f1ol\" y asegurando\nasociaciones con importantes corporaciones. Su incursi\u00f3n en la producci\u00f3n de medios, incluidas\npropuestas para series de televisi\u00f3n y documentales, ampli\u00f3 a\u00fan m\u00e1s sus habilidades y su red.<\/p>\n\n<p>Las experiencias de Diego en Colombia, donde vivi\u00f3 entre j\u00f3venes ind\u00edgenas y produjo documentales, le\nproporcionaron conocimientos invaluables y profundizaron su comprensi\u00f3n de los problemas sociales.\nColaborar en proyectos como \"Saving 743\" y trabajar con Gillete Griffith en iniciativas relacionadas con el\nlegado de Albert Einstein subray\u00f3 su compromiso con la narraci\u00f3n impactante y la preservaci\u00f3n del\npatrimonio cultural.<\/p>\n\n<p>Adem\u00e1s de su trabajo en Colombia, Diego viaj\u00f3 a Guatemala despu\u00e9s de la devastadora erupci\u00f3n de un\nvolc\u00e1n para grabar y producir un video que documentara los da\u00f1os y proporcionar personalmente\ndonaciones a las v\u00edctimas necesitadas. Us\u00f3 su plataforma de redes sociales para educar y empoderar a\nlos latinos con medios positivos, aprovechando el poder de la narraci\u00f3n para inspirar el cambio y\nfomentar la unidad.<\/p>\n\n<p>El inicio de la pandemia de COVID-19 present\u00f3 nuevos desaf\u00edos y oportunidades para que Diego sirviera\na su comunidad. Al reconocer la necesidad de informaci\u00f3n precisa entre los latinos que no hablan ingl\u00e9s,\naprovech\u00f3 sus habilidades de transmisi\u00f3n para brindar interpretaci\u00f3n simult\u00e1nea de las sesiones\ninformativas diarias del gobernador Phil Murphy, llegando a millones de espectadores y, en \u00faltima\ninstancia, consiguiendo contratos con distritos escolares y gobiernos municipales para brindar servicios\nde transmisi\u00f3n biling\u00fce.<\/p>\n\n<p>El inicio de la pandemia de COVID-19 present\u00f3 nuevos desaf\u00edos y oportunidades para que Diego sirviera\na su comunidad. Al reconocer la necesidad de informaci\u00f3n precisa entre los latinos que no hablan ingl\u00e9s,\naprovech\u00f3 sus habilidades de transmisi\u00f3n para brindar interpretaci\u00f3n simult\u00e1nea de las sesiones\ninformativas diarias del gobernador Phil Murphy, llegando a millones de espectadores y, en \u00faltima\ninstancia, consiguiendo contratos con distritos escolares y gobiernos municipales para brindar servicios\nde transmisi\u00f3n biling\u00fce.<\/p>\n\n<p>Los esfuerzos filantr\u00f3picos de Diego, que incluyen la organizaci\u00f3n de donaciones de alimentos, la\ndistribuci\u00f3n de computadoras, la donaci\u00f3n de suministros de protecci\u00f3n contra el COVID-19 y la\norganizaci\u00f3n de colectas de juguetes, demuestran su dedicaci\u00f3n para apoyar a los necesitados tanto a nivel local como internacional. Su establecimiento de una oficina sin fines de lucro para ayudar a los residentes con las facturas de servicios p\u00fablicos ejemplifica a\u00fan m\u00e1s su compromiso de abordar los desaf\u00edos sist\u00e9micos y mejorar vidas.<\/p>\n\n<p>En todos estos esfuerzos, Diego cre\u00f3 TOP LATINOS, una iniciativa que efectivamente comenz\u00f3 a\nescribir la historia de los latinos en Nueva Jersey con jueces de varias partes del mundo. El esfuerzo\neval\u00faa las biograf\u00edas de los latinos para seleccionar el Top 1 de 50. A cada latino se le da una plataforma\ny se lo eval\u00faa para decidir qui\u00e9n es el mejor latino. Esta iniciativa sirve como una manera poderosa de\ndocumentar la dif\u00edcil situaci\u00f3n de los inmigrantes y celebrar los logros y contribuciones de los latinos en la\ncomunidad.<\/p>\n\n<p>En general, el viaje de Diego est\u00e1 marcado por su inquebrantable dedicaci\u00f3n a empoderar a las\ncomunidades, fomentar la unidad y crear cambios positivos. Su combinaci\u00f3n \u00fanica de habilidades,\nexperiencia y compasi\u00f3n lo distingue en el campo del emprendimiento social, y su impacto se siente en\ntodas partes. A medida que contin\u00faa su viaje, su visi\u00f3n para el futuro es de crecimiento continuo,\ninnovaci\u00f3n e impacto significativo, impulsado por su pasi\u00f3n por el servicio y su compromiso de ayudar a\nlos dem\u00e1s.<\/p>\n<\/div>\n\t\t\t\t<\/div>\n\t\t\t\t\t\t\t<div class=\"elementor-accordion-item\">\n\t\t\t\t\t<div id=\"elementor-tab-title-2573\" class=\"elementor-tab-title\" data-tab=\"3\" role=\"button\" aria-controls=\"elementor-tab-content-2573\" aria-expanded=\"false\">\n\t\t\t\t\t\t\t\t\t\t\t\t\t<span class=\"elementor-accordion-icon elementor-accordion-icon-right\" aria-hidden=\"true\">\n\t\t\t\t\t\t\t\t\t\t\t\t\t\t\t<span class=\"elementor-accordion-icon-closed\"><svg class=\"e-font-icon-svg e-fas-angle-right\" viewbox=\"0 0 256 512\" xmlns=\"http:\/\/www.w3.org\/2000\/svg\"><path d=\"M224.3 273l-136 136c-9.4 9.4-24.6 9.4-33.9 0l-22.6-22.6c-9.4-9.4-9.4-24.6 0-33.9l96.4-96.4-96.4-96.4c-9.4-9.4-9.4-24.6 0-33.9L54.3 103c9.4-9.4 24.6-9.4 33.9 0l136 136c9.5 9.4 9.5 24.6.1 34z\"><\/path><\/svg><\/span>\n\t\t\t\t\t\t\t\t<span class=\"elementor-accordion-icon-opened\"><svg class=\"e-font-icon-svg e-fas-angle-down\" viewbox=\"0 0 320 512\" xmlns=\"http:\/\/www.w3.org\/2000\/svg\"><path d=\"M143 352.3L7 216.3c-9.4-9.4-9.4-24.6 0-33.9l22.6-22.6c9.4-9.4 24.6-9.4 33.9 0l96.4 96.4 96.4-96.4c9.4-9.4 24.6-9.4 33.9 0l22.6 22.6c9.4 9.4 9.4 24.6 0 33.9l-136 136c-9.2 9.4-24.4 9.4-33.8 0z\"><\/path><\/svg><\/span>\n\t\t\t\t\t\t\t\t\t\t\t\t\t\t<\/span>\n\t\t\t\t\t\t\t\t\t\t\t\t<a class=\"elementor-accordion-title\" tabindex=\"0\">\u00bfEn qu\u00e9 proyectos o iniciativas espec\u00edficas est\u00e1 involucrado y qu\u00e9 lo motiv\u00f3 a iniciarlos?<\/a>\n\t\t\t\t\t<\/div>\n\t\t\t\t\t<div id=\"elementor-tab-content-2573\" class=\"elementor-tab-content elementor-clearfix\" data-tab=\"3\" role=\"region\" aria-labelledby=\"elementor-tab-title-2573\"><p>La motivaci\u00f3n detr\u00e1s de iniciar estas iniciativas surge de un compromiso profundamente arraigado de\ngenerar un impacto positivo en la comunidad latina, impulsado por mis experiencias personales y las\nfiguras influyentes en mi vida. Crecer en medio de diversas culturas y ser testigo de las luchas de las\ncomunidades marginadas, particularmente dentro de la poblaci\u00f3n latina, me inculc\u00f3 un fuerte sentido de\nempat\u00eda y el deseo de lograr cambios.<\/p>\n\n<p>Mi viaje, desde vivir entre tribus ind\u00edgenas en Colombia hasta trabajar con j\u00f3venes desfavorecidos y\nv\u00edctimas de tr\u00e1fico sexual, me expuso a las duras realidades que enfrentan muchos en nuestra sociedad.\nEstas experiencias encendieron en m\u00ed una pasi\u00f3n por abordar las injusticias y disparidades sist\u00e9micas,\nparticularmente aquellas que afectan a los latinos.<\/p>\n\n<p>Inspirada por los actos de bondad demostrados por mi madre y mi t\u00eda Teresita, quienes dedicaron sus\nvidas a ayudar a los dem\u00e1s, me sent\u00ed obligada a tomar medidas y crear iniciativas que animaran y\nempoderaran a los necesitados. Desde brindar asistencia energ\u00e9tica a familias latinas a trav\u00e9s de\nIniciativas de Asuntos Latinos de los Estados Unidos hasta apoyar a ni\u00f1as afectadas por el tr\u00e1fico sexual\na trav\u00e9s de Hope for Girls, cada proyecto est\u00e1 impulsado por el compromiso de servir y mejorar las vidas\nde los dem\u00e1s.<\/p>\n\n<p>Adem\u00e1s, ser testigo de la falta de representaci\u00f3n y oportunidades para los latinos en los principales\nmedios de comunicaci\u00f3n y en la sociedad impuls\u00f3 mi determinaci\u00f3n de crear plataformas como Latino\nSpirit Media y NJ en Vivo, donde las voces e historias de nuestra comunidad pudieran celebrarse y\namplificarse.<\/p>\n\n<p>En general, mi motivaci\u00f3n para iniciar estas iniciativas radica en una creencia profundamente arraigada\nen el valor y el potencial inherentes de cada individuo, independientemente de sus antecedentes o\ncircunstancias. A trav\u00e9s de estos proyectos, me esfuerzo por crear un futuro m\u00e1s inclusivo, equitativo y\nempoderado para la comunidad latina y m\u00e1s all\u00e1. Estoy profundamente comprometido a generar un\nimpacto significativo en la comunidad latina y esta pasi\u00f3n me ha impulsado a iniciar y liderar varios\nproyectos e iniciativas destinados a abordar cuestiones clave y fomentar el empoderamiento.<\/p>\n\n<p>Estos son\nalgunos de los proyectos en los que estoy involucrado:<\/p>\n<ul>\n  <li>Latino Spirit Media: A trav\u00e9s de esta empresa, producimos contenido multimedia profesional que celebra\nla diversidad y riqueza de la cultura latina. Con dos empleados de tiempo completo y cinco consultores,\nnos esforzamos por amplificar las voces y narrativas latinas, mostrando los talentos y contribuciones de\nnuestra comunidad<\/li>\n  <li>Iniciativas de Asuntos Latinos de los Estados Unidos: Como fundador de esta organizaci\u00f3n sin fines de\nlucro, me dedico a atender las necesidades de la comunidad latina, particularmente en el condado de\nPassaic. Con cuatro empleados de tiempo completo, nuestro enfoque principal es procesar solicitudes de\nasistencia energ\u00e9tica, brindando apoyo vital a personas y familias necesitadas.<\/li>\n  <li>Hope for Girls: Esta iniciativa tiene como objetivo apoyar y empoderar a ni\u00f1as de 8 a 18 a\u00f1os que han\nsido v\u00edctimas de tr\u00e1fico y abuso sexual. Comenzando con la donaci\u00f3n de \u00fatiles escolares, hemos\nevolucionado hasta construir un taller de costura donde las ni\u00f1as pueden aprender un oficio y desarrollar\nhabilidades comerciales, ofreci\u00e9ndoles oportunidades para un futuro mejor.<\/li>\n  <li>Programa Food on Tables: a trav\u00e9s de la colaboraci\u00f3n con otros propietarios de negocios, distribuimos\nalimentos en el centro de las ciudades, abordando la inseguridad alimentaria y brindando apoyo a\ncomunidades desatendidas.<\/li>\n  <li>Foros comunitarios: estos foros sirven como plataformas para el di\u00e1logo y la colaboraci\u00f3n entre\nfuncionarios del gobierno local y miembros de la comunidad latina. Al discutir juntos los problemas de la\nciudad, defendemos las necesidades de nuestra comunidad y trabajamos para encontrar soluciones.<\/li>\n  <li>Interpretaciones de transmisi\u00f3n simult\u00e1nea: a trav\u00e9s de contratos ejecutados en municipios, brindamos\nservicios de interpretaci\u00f3n para alcaldes y juntas de educaci\u00f3n, llegando efectivamente a la comunidad\nlatina y garantizando que sus voces sean escuchadas.<\/li>\n  <li>The Latino Spirit: este proyecto tiene como objetivo desafiar los estereotipos y mostrar los talentos\nmultifac\u00e9ticos y las contribuciones de los latinos a trav\u00e9s de contenido e informaci\u00f3n positivos.<\/li>\n  <li>NJ en Vivo: una p\u00e1gina de Facebook que transmite videos en vivo publicados por The Latino Spirit,\ninteractuando con la comunidad en tiempo real.<\/li>\n  <li>Alfombra Roja Latina de Nueva Jersey: Un evento estatal donde los latinos de Nueva Jersey caminan por\nsu propia alfombra roja, celebrando sus logros y contribuciones.<\/li>\n  <li>Un juguete para sonrisas: Los juguetes donados por el esfuerzo marino de Toys for Tots se distribuyen a\nni\u00f1os en pa\u00edses del sur, centro y el Caribe, brindando alegr\u00eda y felicidad a los necesitados.<\/li>\n  <li>Hablamos Tecnolog\u00eda: Un foro internacional en Nueva York donde los pa\u00edses latinoamericanos env\u00edan\nsus mentes m\u00e1s brillantes para discutir tecnolog\u00edas con sus hom\u00f3logos de habla hispana en los Estados\nUnidos.<\/li>\n  <li>The Latino Index: un centro integral de informaci\u00f3n digital que enumera recursos estatales,\norganizaciones sin fines de lucro centradas en los latinos y funcionarios electos latinos en Nueva Jersey.<\/li>\n  <li>Medios p\u00fablicos latinos de Nueva Jersey: esta iniciativa tiene como objetivo brindar informaci\u00f3n imparcial\na la comunidad de habla hispana, garantizando que tengan acceso a noticias y recursos precisos.<\/li>\n<\/ul>\n\n<p>Cada una de estas iniciativas est\u00e1 motivada por el deseo de empoderar y elevar a la comunidad latina,\nabordar las desigualdades sist\u00e9micas y crear oportunidades de crecimiento y prosperidad. Juntos,\nestamos trabajando para construir una sociedad m\u00e1s inclusiva y equitativa donde todas las personas\ntengan la oportunidad de prosperar y tener \u00e9xito.<\/p>\n<\/div>\n\t\t\t\t<\/div>\n\t\t\t\t\t\t\t<div class=\"elementor-accordion-item\">\n\t\t\t\t\t<div id=\"elementor-tab-title-2574\" class=\"elementor-tab-title\" data-tab=\"4\" role=\"button\" aria-controls=\"elementor-tab-content-2574\" aria-expanded=\"false\">\n\t\t\t\t\t\t\t\t\t\t\t\t\t<span class=\"elementor-accordion-icon elementor-accordion-icon-right\" aria-hidden=\"true\">\n\t\t\t\t\t\t\t\t\t\t\t\t\t\t\t<span class=\"elementor-accordion-icon-closed\"><svg class=\"e-font-icon-svg e-fas-angle-right\" viewbox=\"0 0 256 512\" xmlns=\"http:\/\/www.w3.org\/2000\/svg\"><path d=\"M224.3 273l-136 136c-9.4 9.4-24.6 9.4-33.9 0l-22.6-22.6c-9.4-9.4-9.4-24.6 0-33.9l96.4-96.4-96.4-96.4c-9.4-9.4-9.4-24.6 0-33.9L54.3 103c9.4-9.4 24.6-9.4 33.9 0l136 136c9.5 9.4 9.5 24.6.1 34z\"><\/path><\/svg><\/span>\n\t\t\t\t\t\t\t\t<span class=\"elementor-accordion-icon-opened\"><svg class=\"e-font-icon-svg e-fas-angle-down\" viewbox=\"0 0 320 512\" xmlns=\"http:\/\/www.w3.org\/2000\/svg\"><path d=\"M143 352.3L7 216.3c-9.4-9.4-9.4-24.6 0-33.9l22.6-22.6c9.4-9.4 24.6-9.4 33.9 0l96.4 96.4 96.4-96.4c9.4-9.4 24.6-9.4 33.9 0l22.6 22.6c9.4 9.4 9.4 24.6 0 33.9l-136 136c-9.2 9.4-24.4 9.4-33.8 0z\"><\/path><\/svg><\/span>\n\t\t\t\t\t\t\t\t\t\t\t\t\t\t<\/span>\n\t\t\t\t\t\t\t\t\t\t\t\t<a class=\"elementor-accordion-title\" tabindex=\"0\">\u00bfEn qu\u00e9 proyectos o iniciativas espec\u00edficas est\u00e1 involucrado y qu\u00e9 lo motiv\u00f3 a iniciarlos?<\/a>\n\t\t\t\t\t<\/div>\n\t\t\t\t\t<div id=\"elementor-tab-content-2574\" class=\"elementor-tab-content elementor-clearfix\" data-tab=\"4\" role=\"region\" aria-labelledby=\"elementor-tab-title-2574\"><p>La motivaci\u00f3n detr\u00e1s de iniciar estas iniciativas surge de un compromiso profundamente arraigado de\ngenerar un impacto positivo en la comunidad latina, impulsado por mis experiencias personales y las\nfiguras influyentes en mi vida. Crecer en medio de diversas culturas y ser testigo de las luchas de las\ncomunidades marginadas, particularmente dentro de la poblaci\u00f3n latina, me inculc\u00f3 un fuerte sentido de\nempat\u00eda y el deseo de lograr cambios.<\/p>\n\n<p>Mi viaje, desde vivir entre tribus ind\u00edgenas en Colombia hasta trabajar con j\u00f3venes desfavorecidos y\nv\u00edctimas de tr\u00e1fico sexual, me expuso a las duras realidades que enfrentan muchos en nuestra sociedad.\nEstas experiencias encendieron en m\u00ed una pasi\u00f3n por abordar las injusticias y disparidades sist\u00e9micas,\nparticularmente aquellas que afectan a los latinos.<\/p>\n\n<p>Inspirada por los actos de bondad demostrados por mi madre y mi t\u00eda Teresita, quienes dedicaron sus\nvidas a ayudar a los dem\u00e1s, me sent\u00ed obligada a tomar medidas y crear iniciativas que animaran y\nempoderaran a los necesitados. Desde brindar asistencia energ\u00e9tica a familias latinas a trav\u00e9s de\nIniciativas de Asuntos Latinos de los Estados Unidos hasta apoyar a ni\u00f1as afectadas por el tr\u00e1fico sexual\na trav\u00e9s de Hope for Girls, cada proyecto est\u00e1 impulsado por el compromiso de servir y mejorar las vidas\nde los dem\u00e1s.<\/p>\n\n<p>Adem\u00e1s, ser testigo de la falta de representaci\u00f3n y oportunidades para los latinos en los principales\nmedios de comunicaci\u00f3n y en la sociedad impuls\u00f3 mi determinaci\u00f3n de crear plataformas como Latino\nSpirit Media y NJ en Vivo, donde las voces e historias de nuestra comunidad pudieran celebrarse y\namplificarse.<\/p>\n\n<p>En general, mi motivaci\u00f3n para iniciar estas iniciativas radica en una creencia profundamente arraigada\nen el valor y el potencial inherentes de cada individuo, independientemente de sus antecedentes o\ncircunstancias. A trav\u00e9s de estos proyectos, me esfuerzo por crear un futuro m\u00e1s inclusivo, equitativo y\nempoderado para la comunidad latina y m\u00e1s all\u00e1. Estoy profundamente comprometido a generar un\nimpacto significativo en la comunidad latina y esta pasi\u00f3n me ha impulsado a iniciar y liderar varios\nproyectos e iniciativas destinados a abordar cuestiones clave y fomentar el empoderamiento.<\/p>\n\n<p>Estos son\nalgunos de los proyectos en los que estoy involucrado:<\/p>\n<ul>\n  <li>Latino Spirit Media: A trav\u00e9s de esta empresa, producimos contenido multimedia profesional que celebra\nla diversidad y riqueza de la cultura latina. Con dos empleados de tiempo completo y cinco consultores,\nnos esforzamos por amplificar las voces y narrativas latinas, mostrando los talentos y contribuciones de\nnuestra comunidad<\/li>\n  <li>Iniciativas de Asuntos Latinos de los Estados Unidos: Como fundador de esta organizaci\u00f3n sin fines de\nlucro, me dedico a atender las necesidades de la comunidad latina, particularmente en el condado de\nPassaic. Con cuatro empleados de tiempo completo, nuestro enfoque principal es procesar solicitudes de\nasistencia energ\u00e9tica, brindando apoyo vital a personas y familias necesitadas.<\/li>\n  <li>Hope for Girls: Esta iniciativa tiene como objetivo apoyar y empoderar a ni\u00f1as de 8 a 18 a\u00f1os que han\nsido v\u00edctimas de tr\u00e1fico y abuso sexual. Comenzando con la donaci\u00f3n de \u00fatiles escolares, hemos\nevolucionado hasta construir un taller de costura donde las ni\u00f1as pueden aprender un oficio y desarrollar\nhabilidades comerciales, ofreci\u00e9ndoles oportunidades para un futuro mejor.<\/li>\n  <li>Programa Food on Tables: a trav\u00e9s de la colaboraci\u00f3n con otros propietarios de negocios, distribuimos\nalimentos en el centro de las ciudades, abordando la inseguridad alimentaria y brindando apoyo a\ncomunidades desatendidas.<\/li>\n  <li>Foros comunitarios: estos foros sirven como plataformas para el di\u00e1logo y la colaboraci\u00f3n entre\nfuncionarios del gobierno local y miembros de la comunidad latina. Al discutir juntos los problemas de la\nciudad, defendemos las necesidades de nuestra comunidad y trabajamos para encontrar soluciones.<\/li>\n  <li>Interpretaciones de transmisi\u00f3n simult\u00e1nea: a trav\u00e9s de contratos ejecutados en municipios, brindamos\nservicios de interpretaci\u00f3n para alcaldes y juntas de educaci\u00f3n, llegando efectivamente a la comunidad\nlatina y garantizando que sus voces sean escuchadas.<\/li>\n  <li>The Latino Spirit: este proyecto tiene como objetivo desafiar los estereotipos y mostrar los talentos\nmultifac\u00e9ticos y las contribuciones de los latinos a trav\u00e9s de contenido e informaci\u00f3n positivos.<\/li>\n  <li>NJ en Vivo: una p\u00e1gina de Facebook que transmite videos en vivo publicados por The Latino Spirit,\ninteractuando con la comunidad en tiempo real.<\/li>\n  <li>Alfombra Roja Latina de Nueva Jersey: Un evento estatal donde los latinos de Nueva Jersey caminan por\nsu propia alfombra roja, celebrando sus logros y contribuciones.<\/li>\n  <li>Un juguete para sonrisas: Los juguetes donados por el esfuerzo marino de Toys for Tots se distribuyen a\nni\u00f1os en pa\u00edses del sur, centro y el Caribe, brindando alegr\u00eda y felicidad a los necesitados.<\/li>\n  <li>Hablamos Tecnolog\u00eda: Un foro internacional en Nueva York donde los pa\u00edses latinoamericanos env\u00edan\nsus mentes m\u00e1s brillantes para discutir tecnolog\u00edas con sus hom\u00f3logos de habla hispana en los Estados\nUnidos.<\/li>\n  <li>The Latino Index: un centro integral de informaci\u00f3n digital que enumera recursos estatales,\norganizaciones sin fines de lucro centradas en los latinos y funcionarios electos latinos en Nueva Jersey.<\/li>\n  <li>Medios p\u00fablicos latinos de Nueva Jersey: esta iniciativa tiene como objetivo brindar informaci\u00f3n imparcial\na la comunidad de habla hispana, garantizando que tengan acceso a noticias y recursos precisos.<\/li>\n<\/ul>\n\n<p>Cada una de estas iniciativas est\u00e1 motivada por el deseo de empoderar y elevar a la comunidad latina,\nabordar las desigualdades sist\u00e9micas y crear oportunidades de crecimiento y prosperidad. Juntos,\nestamos trabajando para construir una sociedad m\u00e1s inclusiva y equitativa donde todas las personas\ntengan la oportunidad de prosperar y tener \u00e9xito.<\/p>\n<\/div>\n\t\t\t\t<\/div>\n\t\t\t\t\t\t\t<div class=\"elementor-accordion-item\">\n\t\t\t\t\t<div id=\"elementor-tab-title-2575\" class=\"elementor-tab-title\" data-tab=\"5\" role=\"button\" aria-controls=\"elementor-tab-content-2575\" aria-expanded=\"false\">\n\t\t\t\t\t\t\t\t\t\t\t\t\t<span class=\"elementor-accordion-icon elementor-accordion-icon-right\" aria-hidden=\"true\">\n\t\t\t\t\t\t\t\t\t\t\t\t\t\t\t<span class=\"elementor-accordion-icon-closed\"><svg class=\"e-font-icon-svg e-fas-angle-right\" viewbox=\"0 0 256 512\" xmlns=\"http:\/\/www.w3.org\/2000\/svg\"><path d=\"M224.3 273l-136 136c-9.4 9.4-24.6 9.4-33.9 0l-22.6-22.6c-9.4-9.4-9.4-24.6 0-33.9l96.4-96.4-96.4-96.4c-9.4-9.4-9.4-24.6 0-33.9L54.3 103c9.4-9.4 24.6-9.4 33.9 0l136 136c9.5 9.4 9.5 24.6.1 34z\"><\/path><\/svg><\/span>\n\t\t\t\t\t\t\t\t<span class=\"elementor-accordion-icon-opened\"><svg class=\"e-font-icon-svg e-fas-angle-down\" viewbox=\"0 0 320 512\" xmlns=\"http:\/\/www.w3.org\/2000\/svg\"><path d=\"M143 352.3L7 216.3c-9.4-9.4-9.4-24.6 0-33.9l22.6-22.6c9.4-9.4 24.6-9.4 33.9 0l96.4 96.4 96.4-96.4c9.4-9.4 24.6-9.4 33.9 0l22.6 22.6c9.4 9.4 9.4 24.6 0 33.9l-136 136c-9.2 9.4-24.4 9.4-33.8 0z\"><\/path><\/svg><\/span>\n\t\t\t\t\t\t\t\t\t\t\t\t\t\t<\/span>\n\t\t\t\t\t\t\t\t\t\t\t\t<a class=\"elementor-accordion-title\" tabindex=\"0\">\u00bfC\u00f3mo pretenden sus proyectos informar, inspirar, educar y empoderar a la comunidad latina?<\/a>\n\t\t\t\t\t<\/div>\n\t\t\t\t\t<div id=\"elementor-tab-content-2575\" class=\"elementor-tab-content elementor-clearfix\" data-tab=\"5\" role=\"region\" aria-labelledby=\"elementor-tab-title-2575\"><p>Mis proyectos est\u00e1n dise\u00f1ados para informar, inspirar, educar y empoderar a la comunidad latina\naprovechando plataformas multimedia y fomentando una cultura de inclusi\u00f3n y empoderamiento. A partir\nde mi experiencia en multimedia y mi compromiso con el altruismo, me esfuerzo por crear contenido\nvisualmente atractivo que no solo capte la atenci\u00f3n sino que tambi\u00e9n imparta conocimientos e ideas\nvaliosas.<\/p>\n\n<p>A trav\u00e9s de plataformas como Latino Spirit Media y NJ en Vivo, selecciono contenido que celebra la\ndiversidad y riqueza de la cultura latina al mismo tiempo que abordo problemas importantes que enfrenta\nnuestra comunidad. Ya sea a trav\u00e9s de im\u00e1genes cautivadoras, narraciones interesantes o debates que\ninviten a la reflexi\u00f3n en foros comunitarios, mi objetivo es informar a los espectadores sobre temas\nrelevantes e inspirarlos a tomar medidas.<\/p>\n\n<p>Adem\u00e1s, priorizo la educaci\u00f3n y el empoderamiento en todas mis iniciativas. Por ejemplo, iniciativas\ncomo Hope for Girls y Hablamos Tecnologia est\u00e1n dise\u00f1adas espec\u00edficamente para brindar\noportunidades educativas y capacitaci\u00f3n en habilidades a poblaciones desatendidas, capacit\u00e1ndolas\npara perseguir sus sue\u00f1os y construir un futuro mejor.<\/p>\n\n<p>Adem\u00e1s, proyectos como The Latino Spirit y New Jersey Latino Red Carpet sirven como plataformas\npara reconocer y celebrar los logros de los latinos, inspirando a otros a alcanzar su m\u00e1ximo potencial y\nsentirse orgullosos de su herencia cultural.\nEn general, mi enfoque para informar, inspirar, educar y empoderar a la comunidad latina se basa en un\ncompromiso con la excelencia, el altruismo y la creencia de que todos merecen la oportunidad de\nprosperar y tener \u00e9xito. A trav\u00e9s de mi trabajo, me esfuerzo por crear un impacto significativo y contribuir\nal avance colectivo de nuestra comunidad.<\/p>\n<\/div>\n\t\t\t\t<\/div>\n\t\t\t\t\t\t\t<div class=\"elementor-accordion-item\">\n\t\t\t\t\t<div id=\"elementor-tab-title-2576\" class=\"elementor-tab-title\" data-tab=\"6\" role=\"button\" aria-controls=\"elementor-tab-content-2576\" aria-expanded=\"false\">\n\t\t\t\t\t\t\t\t\t\t\t\t\t<span class=\"elementor-accordion-icon elementor-accordion-icon-right\" aria-hidden=\"true\">\n\t\t\t\t\t\t\t\t\t\t\t\t\t\t\t<span class=\"elementor-accordion-icon-closed\"><svg class=\"e-font-icon-svg e-fas-angle-right\" viewbox=\"0 0 256 512\" xmlns=\"http:\/\/www.w3.org\/2000\/svg\"><path d=\"M224.3 273l-136 136c-9.4 9.4-24.6 9.4-33.9 0l-22.6-22.6c-9.4-9.4-9.4-24.6 0-33.9l96.4-96.4-96.4-96.4c-9.4-9.4-9.4-24.6 0-33.9L54.3 103c9.4-9.4 24.6-9.4 33.9 0l136 136c9.5 9.4 9.5 24.6.1 34z\"><\/path><\/svg><\/span>\n\t\t\t\t\t\t\t\t<span class=\"elementor-accordion-icon-opened\"><svg class=\"e-font-icon-svg e-fas-angle-down\" viewbox=\"0 0 320 512\" xmlns=\"http:\/\/www.w3.org\/2000\/svg\"><path d=\"M143 352.3L7 216.3c-9.4-9.4-9.4-24.6 0-33.9l22.6-22.6c9.4-9.4 24.6-9.4 33.9 0l96.4 96.4 96.4-96.4c9.4-9.4 24.6-9.4 33.9 0l22.6 22.6c9.4 9.4 9.4 24.6 0 33.9l-136 136c-9.2 9.4-24.4 9.4-33.8 0z\"><\/path><\/svg><\/span>\n\t\t\t\t\t\t\t\t\t\t\t\t\t\t<\/span>\n\t\t\t\t\t\t\t\t\t\t\t\t<a class=\"elementor-accordion-title\" tabindex=\"0\">\u00bfQu\u00e9 diferencia su enfoque de otros en el campo del emprendimiento social y el empoderamiento\ncomunitario?<\/a>\n\t\t\t\t\t<\/div>\n\t\t\t\t\t<div id=\"elementor-tab-content-2576\" class=\"elementor-tab-content elementor-clearfix\" data-tab=\"6\" role=\"region\" aria-labelledby=\"elementor-tab-title-2576\"><p>Lo que distingue mi enfoque en el campo del emprendimiento social y el empoderamiento comunitario\nest\u00e1 profundamente arraigado en mi trayectoria personal y las diversas experiencias que han dado forma\na mi perspectiva. Crecer sin padres y vivir entre varias personas de diferentes \u00e1mbitos de la vida me\ninculc\u00f3 una profunda comprensi\u00f3n de la naturaleza humana y empat\u00eda por las perspectivas de los\ndem\u00e1s.<\/p>\n\n<p>A diferencia de muchos, mi enfoque no se basa \u00fanicamente en conocimientos te\u00f3ricos o estudios\nacad\u00e9micos, sino que est\u00e1 profundamente influenciado por interacciones y experiencias de la vida real.\nDesde ser testigo de las luchas de personas que luchan contra la adicci\u00f3n hasta estrechar la mano de\nlos gobernadores, he adquirido conocimientos sobre el espectro de las experiencias humanas y los\ncomplejos desaf\u00edos que enfrentan las personas.<\/p>\n\n<p>Mi capacidad para empatizar con personas de todos los or\u00edgenes me permite conectarme con ellos a un\nnivel m\u00e1s profundo y comprender sus necesidades y aspiraciones \u00fanicas. Esta empat\u00eda sirve como base\nde mis iniciativas, impuls\u00e1ndome a actuar y crear cambios positivos en la comunidad.<\/p>\n\n<p>Adem\u00e1s, mi creencia en el potencial inherente de cada individuo, independientemente de sus\nantecedentes o circunstancias, me impulsa a capacitar a otros para que realicen sus sue\u00f1os y\naspiraciones. Me esfuerzo por crear oportunidades para el crecimiento personal y colectivo,\naprovechando mis experiencias y recursos para elevar a quienes me rodean.<\/p>\n\n<p>En esencia, mi enfoque se caracteriza por la autenticidad, la empat\u00eda y un compromiso profundamente\narraigado para crear un mundo mejor para todos. Aprovechando mis diversas experiencias de vida y mi\ncomprensi\u00f3n de la naturaleza humana, busco generar un impacto significativo en las vidas de individuos\ny comunidades, una iniciativa a la vez.<\/p>\n<\/div>\n\t\t\t\t<\/div>\n\t\t\t\t\t\t\t<div class=\"elementor-accordion-item\">\n\t\t\t\t\t<div id=\"elementor-tab-title-2577\" class=\"elementor-tab-title\" data-tab=\"7\" role=\"button\" aria-controls=\"elementor-tab-content-2577\" aria-expanded=\"false\">\n\t\t\t\t\t\t\t\t\t\t\t\t\t<span class=\"elementor-accordion-icon elementor-accordion-icon-right\" aria-hidden=\"true\">\n\t\t\t\t\t\t\t\t\t\t\t\t\t\t\t<span class=\"elementor-accordion-icon-closed\"><svg class=\"e-font-icon-svg e-fas-angle-right\" viewbox=\"0 0 256 512\" xmlns=\"http:\/\/www.w3.org\/2000\/svg\"><path d=\"M224.3 273l-136 136c-9.4 9.4-24.6 9.4-33.9 0l-22.6-22.6c-9.4-9.4-9.4-24.6 0-33.9l96.4-96.4-96.4-96.4c-9.4-9.4-9.4-24.6 0-33.9L54.3 103c9.4-9.4 24.6-9.4 33.9 0l136 136c9.5 9.4 9.5 24.6.1 34z\"><\/path><\/svg><\/span>\n\t\t\t\t\t\t\t\t<span class=\"elementor-accordion-icon-opened\"><svg class=\"e-font-icon-svg e-fas-angle-down\" viewbox=\"0 0 320 512\" xmlns=\"http:\/\/www.w3.org\/2000\/svg\"><path d=\"M143 352.3L7 216.3c-9.4-9.4-9.4-24.6 0-33.9l22.6-22.6c9.4-9.4 24.6-9.4 33.9 0l96.4 96.4 96.4-96.4c9.4-9.4 24.6-9.4 33.9 0l22.6 22.6c9.4 9.4 9.4 24.6 0 33.9l-136 136c-9.2 9.4-24.4 9.4-33.8 0z\"><\/path><\/svg><\/span>\n\t\t\t\t\t\t\t\t\t\t\t\t\t\t<\/span>\n\t\t\t\t\t\t\t\t\t\t\t\t<a class=\"elementor-accordion-title\" tabindex=\"0\">\u00bfPuede resaltar alg\u00fan logro o \u00e9xito significativo de sus proyectos del que est\u00e9 particularmente\norgulloso?\n19<\/a>\n\t\t\t\t\t<\/div>\n\t\t\t\t\t<div id=\"elementor-tab-content-2577\" class=\"elementor-tab-content elementor-clearfix\" data-tab=\"7\" role=\"region\" aria-labelledby=\"elementor-tab-title-2577\"><p>Llegar a 1,7 millones de personas a trav\u00e9s de transmisiones de Facebook, brindando informaci\u00f3n crucial\nde las sesiones informativas sobre COVID-19 del gobernador Phil Murphy en espa\u00f1ol a quienes no\nten\u00edan acceso de otra manera.<\/p>\n\n<p>Conectar a innumerables padres de los distritos escolares de Camden y Vineland con importantes\ntomadores de decisiones a trav\u00e9s de interpretaciones simult\u00e1neas, asegurando que puedan comprender\ny participar en la educaci\u00f3n de sus hijos.<\/p>\n\n<p>Superar desaf\u00edos personales e inequidades debido a mis antecedentes y nacionalidad, recorrer un\ncamino hacia el \u00e9xito en un pa\u00eds que puede alienar a personas como yo.<\/p>\n\n<p>Ser publicado en una prestigiosa revista de \u00e9xito en Inglaterra, mostrando mis contribuciones y logros en\nel campo del emprendimiento social.<\/p>\n\n<p>Recibir agradecimientos, elogios y bendiciones de todo coraz\u00f3n de personas a quienes he ayudado, a\nmenudo sin buscar el reconocimiento de los dem\u00e1s.<\/p>\n\n<p>Superar los obst\u00e1culos de la vida, incluidas las luchas tempranas y las malas decisiones, para lograr el\n\u00e9xito personal y profesional mientras crece sin la gu\u00eda de los padres.<\/p>\n\n<p>Ser pionero en la interpretaci\u00f3n simult\u00e1nea de una ciudad capital de los Estados Unidos a trav\u00e9s de\ntransmisiones de producci\u00f3n completa, estableciendo un nuevo est\u00e1ndar de accesibilidad e inclusi\u00f3n en\nel discurso p\u00fablico.<\/p>\n\n<p>Marcar una diferencia tangible en las vidas de miles de familias a trav\u00e9s de donaciones de alimentos,\nalcanzando casi 350,000 libras donadas mientras brindando apoyo y alim6entos esenciales a quienes los\nnecesitan.<\/p>\n\n<p>Ayudar a las personas a pagar sus facturas de servicios p\u00fablicos a trav\u00e9s de las Iniciativas de Asuntos\nLatinos de los Estados Unidos, aliviando las cargas financieras y promoviendo la estabilidad econ\u00f3mica\ndentro de la comunidad.<\/p>\n\n<p>Estos logros reflejan mi compromiso de generar un impacto positivo, animar a los dem\u00e1s y crear un\ncambio significativo en el mundo. A pesar de enfrentar desaf\u00edos, sigo siendo optimista y movido por el\ndeseo de contribuir al bienestar de las personas y las comunidades, una iniciativa a la vez.<\/p>\n<\/div>\n\t\t\t\t<\/div>\n\t\t\t\t\t\t\t<div class=\"elementor-accordion-item\">\n\t\t\t\t\t<div id=\"elementor-tab-title-2578\" class=\"elementor-tab-title\" data-tab=\"8\" role=\"button\" aria-controls=\"elementor-tab-content-2578\" aria-expanded=\"false\">\n\t\t\t\t\t\t\t\t\t\t\t\t\t<span class=\"elementor-accordion-icon elementor-accordion-icon-right\" aria-hidden=\"true\">\n\t\t\t\t\t\t\t\t\t\t\t\t\t\t\t<span class=\"elementor-accordion-icon-closed\"><svg class=\"e-font-icon-svg e-fas-angle-right\" viewbox=\"0 0 256 512\" xmlns=\"http:\/\/www.w3.org\/2000\/svg\"><path d=\"M224.3 273l-136 136c-9.4 9.4-24.6 9.4-33.9 0l-22.6-22.6c-9.4-9.4-9.4-24.6 0-33.9l96.4-96.4-96.4-96.4c-9.4-9.4-9.4-24.6 0-33.9L54.3 103c9.4-9.4 24.6-9.4 33.9 0l136 136c9.5 9.4 9.5 24.6.1 34z\"><\/path><\/svg><\/span>\n\t\t\t\t\t\t\t\t<span class=\"elementor-accordion-icon-opened\"><svg class=\"e-font-icon-svg e-fas-angle-down\" viewbox=\"0 0 320 512\" xmlns=\"http:\/\/www.w3.org\/2000\/svg\"><path d=\"M143 352.3L7 216.3c-9.4-9.4-9.4-24.6 0-33.9l22.6-22.6c9.4-9.4 24.6-9.4 33.9 0l96.4 96.4 96.4-96.4c9.4-9.4 24.6-9.4 33.9 0l22.6 22.6c9.4 9.4 9.4 24.6 0 33.9l-136 136c-9.2 9.4-24.4 9.4-33.8 0z\"><\/path><\/svg><\/span>\n\t\t\t\t\t\t\t\t\t\t\t\t\t\t<\/span>\n\t\t\t\t\t\t\t\t\t\t\t\t<a class=\"elementor-accordion-title\" tabindex=\"0\">\u00bfC\u00f3mo visualiza el futuro de su trabajo y el impacto que espera lograr en la comunidad latina y\nm\u00e1s all\u00e1?<\/a>\n\t\t\t\t\t<\/div>\n\t\t\t\t\t<div id=\"elementor-tab-content-2578\" class=\"elementor-tab-content elementor-clearfix\" data-tab=\"8\" role=\"region\" aria-labelledby=\"elementor-tab-title-2578\"><p>Imagino un futuro en el que mi trabajo dejar\u00e1 un legado duradero y sostenible, empoderando a la\ncomunidad latina y m\u00e1s all\u00e1. Esto incluye:<\/p>\n\n<ul>\n  <li>Establecer un centro cultural para latinos en la capital de Nueva Jersey, brindando un espacio para la\neducaci\u00f3n, la celebraci\u00f3n y la construcci\u00f3n de comunidades.<\/li>\n  <li>Crear una historia integral y bien documentada del progreso latino en Nueva Jersey, destacando las\ncontribuciones y logros de individuos y comunidades.<\/li>\n  <li>Continuar expandiendo y desarrollando publicaciones digitales que sirvan como recursos valiosos para\nmiles de personas, brindando informaci\u00f3n, inspiraci\u00f3n y apoyo.<\/li>\n  <li>Sosteniendo el Top Latino Effort, que reconoce y celebra el \u00e9xito y la filantrop\u00eda dentro de la comunidad\nlatina, mostrando c\u00f3mo estos esfuerzos pueden impactar positivamente a la sociedad.<\/li>\n  <li>Lanzar iniciativas adicionales que fomenten la unidad, la colaboraci\u00f3n y el empoderamiento entre\ncomunidades diversas, tanto a nivel local como global.<\/li>\n<\/ul>\n\n<p>A trav\u00e9s de estos esfuerzos, mi objetivo es fomentar un sentido de orgullo, resiliencia y unidad dentro de\nla comunidad latina mientras promuevo la comprensi\u00f3n, el respeto y la cooperaci\u00f3n entre todos los\nindividuos y grupos. En \u00faltima instancia, mi objetivo es contribuir a una sociedad m\u00e1s inclusiva, equitativa\ny armoniosa para las generaciones venideras.<\/p>\n<\/div>\n\t\t\t\t<\/div>\n\t\t\t\t\t\t\t<div class=\"elementor-accordion-item\">\n\t\t\t\t\t<div id=\"elementor-tab-title-2579\" class=\"elementor-tab-title\" data-tab=\"9\" role=\"button\" aria-controls=\"elementor-tab-content-2579\" aria-expanded=\"false\">\n\t\t\t\t\t\t\t\t\t\t\t\t\t<span class=\"elementor-accordion-icon elementor-accordion-icon-right\" aria-hidden=\"true\">\n\t\t\t\t\t\t\t\t\t\t\t\t\t\t\t<span class=\"elementor-accordion-icon-closed\"><svg class=\"e-font-icon-svg e-fas-angle-right\" viewbox=\"0 0 256 512\" xmlns=\"http:\/\/www.w3.org\/2000\/svg\"><path d=\"M224.3 273l-136 136c-9.4 9.4-24.6 9.4-33.9 0l-22.6-22.6c-9.4-9.4-9.4-24.6 0-33.9l96.4-96.4-96.4-96.4c-9.4-9.4-9.4-24.6 0-33.9L54.3 103c9.4-9.4 24.6-9.4 33.9 0l136 136c9.5 9.4 9.5 24.6.1 34z\"><\/path><\/svg><\/span>\n\t\t\t\t\t\t\t\t<span class=\"elementor-accordion-icon-opened\"><svg class=\"e-font-icon-svg e-fas-angle-down\" viewbox=\"0 0 320 512\" xmlns=\"http:\/\/www.w3.org\/2000\/svg\"><path d=\"M143 352.3L7 216.3c-9.4-9.4-9.4-24.6 0-33.9l22.6-22.6c9.4-9.4 24.6-9.4 33.9 0l96.4 96.4 96.4-96.4c9.4-9.4 24.6-9.4 33.9 0l22.6 22.6c9.4 9.4 9.4 24.6 0 33.9l-136 136c-9.2 9.4-24.4 9.4-33.8 0z\"><\/path><\/svg><\/span>\n\t\t\t\t\t\t\t\t\t\t\t\t\t\t<\/span>\n\t\t\t\t\t\t\t\t\t\t\t\t<a class=\"elementor-accordion-title\" tabindex=\"0\">\u00bfQu\u00e9 impulsa su pasi\u00f3n por preservar la cultura, el patrimonio y las tradiciones latinas y c\u00f3mo\ninfluye esto en sus proyectos?<\/a>\n\t\t\t\t\t<\/div>\n\t\t\t\t\t<div id=\"elementor-tab-content-2579\" class=\"elementor-tab-content elementor-clearfix\" data-tab=\"9\" role=\"region\" aria-labelledby=\"elementor-tab-title-2579\"><p>Mi pasi\u00f3n por preservar la cultura, el patrimonio y las tradiciones latinas est\u00e1 profundamente arraigada en\nmi propio viaje personal. Como ni\u00f1o sin padres y sin una gu\u00eda clara, entiendo los desaf\u00edos y luchas que\nmuchos enfrentan cuando intentan navegar las complejidades de la vida. Influenciado por los medios y\nlas presiones sociales, tom\u00e9 decisiones que me llevaron por caminos equivocados.<\/p>\n\n<p>Esta experiencia impulsa mi compromiso de aprovechar el poder de los medios para impactar\npositivamente a las personas y las comunidades. Mi objetivo es brindar un rayo de esperanza e\ninspiraci\u00f3n a quienes puedan estar enfrentando desaf\u00edos similares, ofreci\u00e9ndoles un camino hacia un\nfuturo mejor.<\/p>\n\n<p>Al preservar la cultura, el patrimonio y las tradiciones latinas a trav\u00e9s de mis proyectos, me esfuerzo por\ninculcar un sentido de orgullo, identidad y pertenencia dentro de la comunidad latina. A trav\u00e9s de\ncontenido multimedia, programas educativos e iniciativas comunitarias, busco capacitar a las personas\npara que abracen sus ra\u00edces culturales, celebren su herencia y tracen sus propios caminos hacia el \u00e9xito.<\/p>\n\n<p>Mi propio viaje sirve como recordatorio de que con el apoyo y la orientaci\u00f3n adecuados, cualquiera\npuede superar los obst\u00e1culos y alcanzar sus objetivos. A trav\u00e9s de mi trabajo, espero ser esa luz que\ngu\u00ede a otros, ayud\u00e1ndolos a alcanzar su m\u00e1ximo potencial y contribuyendo a la fuerza colectiva y la\nresiliencia de la comunidad latina.<\/p>\n<\/div>\n\t\t\t\t<\/div>\n\t\t\t\t\t\t\t<div class=\"elementor-accordion-item\">\n\t\t\t\t\t<div id=\"elementor-tab-title-25710\" class=\"elementor-tab-title\" data-tab=\"10\" role=\"button\" aria-controls=\"elementor-tab-content-25710\" aria-expanded=\"false\">\n\t\t\t\t\t\t\t\t\t\t\t\t\t<span class=\"elementor-accordion-icon elementor-accordion-icon-right\" aria-hidden=\"true\">\n\t\t\t\t\t\t\t\t\t\t\t\t\t\t\t<span class=\"elementor-accordion-icon-closed\"><svg class=\"e-font-icon-svg e-fas-angle-right\" viewbox=\"0 0 256 512\" xmlns=\"http:\/\/www.w3.org\/2000\/svg\"><path d=\"M224.3 273l-136 136c-9.4 9.4-24.6 9.4-33.9 0l-22.6-22.6c-9.4-9.4-9.4-24.6 0-33.9l96.4-96.4-96.4-96.4c-9.4-9.4-9.4-24.6 0-33.9L54.3 103c9.4-9.4 24.6-9.4 33.9 0l136 136c9.5 9.4 9.5 24.6.1 34z\"><\/path><\/svg><\/span>\n\t\t\t\t\t\t\t\t<span class=\"elementor-accordion-icon-opened\"><svg class=\"e-font-icon-svg e-fas-angle-down\" viewbox=\"0 0 320 512\" xmlns=\"http:\/\/www.w3.org\/2000\/svg\"><path d=\"M143 352.3L7 216.3c-9.4-9.4-9.4-24.6 0-33.9l22.6-22.6c9.4-9.4 24.6-9.4 33.9 0l96.4 96.4 96.4-96.4c9.4-9.4 24.6-9.4 33.9 0l22.6 22.6c9.4 9.4 9.4 24.6 0 33.9l-136 136c-9.2 9.4-24.4 9.4-33.8 0z\"><\/path><\/svg><\/span>\n\t\t\t\t\t\t\t\t\t\t\t\t\t\t<\/span>\n\t\t\t\t\t\t\t\t\t\t\t\t<a class=\"elementor-accordion-title\" tabindex=\"0\">\u00bfQu\u00e9 mensaje le gustar\u00eda transmitir a los visitantes que quieran saber m\u00e1s sobre usted y su\ntrabajo?<\/a>\n\t\t\t\t\t<\/div>\n\t\t\t\t\t<div id=\"elementor-tab-content-25710\" class=\"elementor-tab-content elementor-clearfix\" data-tab=\"10\" role=\"region\" aria-labelledby=\"elementor-tab-title-25710\"><p>A todos los visitantes deseosos de aprender m\u00e1s sobre m\u00ed y mi trabajo, les extiendo una c\u00e1lida invitaci\u00f3n\na conectarse y explorar las posibilidades de crear cambios positivos juntos. Mi viaje est\u00e1 impulsado por la\npasi\u00f3n por ayudar a los dem\u00e1s y marcar la diferencia en el mundo, y creo que cada uno de nosotros\ntiene el poder de contribuir a un futuro mejor.<\/p>\n\n<p>Si est\u00e1 interesado en aprender m\u00e1s sobre mis proyectos, colaborar en iniciativas o simplemente\ncompartir ideas y conocimientos, le animo a que se comunique. Embarqu\u00e9monos en un viaje de\ncolaboraci\u00f3n, compasi\u00f3n y construcci\u00f3n de comunidad. Juntos, podemos convertir nuestra visi\u00f3n\ncolectiva en realidad y crear un mundo donde ayudarnos unos a otros no s\u00f3lo sea una prioridad sino\ntambi\u00e9n una fuente de paz interior y satisfacci\u00f3n.<\/p>\n\n<p>Espero conectarme con usted y explorar c\u00f3mo podemos lograr un impacto significativo juntos. \u00a1Hagamos\nla diferencia, paso a paso!<\/p>\n<\/div>\n\t\t\t\t<\/div>\n\t\t\t\t\t\t\t\t<\/div>\n\t\t\t\t\t\t<\/div>\n\t\t\t\t<\/div>\n\t\t\t\t\t<\/div>\n\t\t<\/div>\n\t\t\t\t\t<\/div>\n\t\t<\/section>\n\t\t\t\t\t<\/div>\n\t\t<\/div>\n\t\t\t\t\t<\/div>\n\t\t<\/section>\n\t\t\t\t<section class=\"elementor-section elementor-top-section elementor-element elementor-element-456387b elementor-section-boxed elementor-section-height-default elementor-section-height-default\" data-id=\"456387b\" data-element_type=\"section\" data-e-type=\"section\" data-settings=\"{&quot;background_background&quot;:&quot;classic&quot;}\">\n\t\t\t\t\t\t\t<div class=\"elementor-background-overlay\"><\/div>\n\t\t\t\t\t\t\t<div class=\"elementor-container elementor-column-gap-no\">\n\t\t\t\t\t<div class=\"elementor-column elementor-col-100 elementor-top-column elementor-element elementor-element-f07e32d\" data-id=\"f07e32d\" data-element_type=\"column\" data-e-type=\"column\">\n\t\t\t<div class=\"elementor-widget-wrap elementor-element-populated\">\n\t\t\t\t\t\t<div class=\"elementor-element elementor-element-8fff347 elementor-widget elementor-widget-heading\" data-id=\"8fff347\" data-element_type=\"widget\" data-e-type=\"widget\" data-widget_type=\"heading.default\">\n\t\t\t\t<div class=\"elementor-widget-container\">\n\t\t\t\t\t<h6 class=\"elementor-heading-title elementor-size-default\">Contacto Diego F. Maya:<\/h6>\t\t\t\t<\/div>\n\t\t\t\t<\/div>\n\t\t\t\t<div class=\"elementor-element elementor-element-38efd9e elementor-shape-circle elementor-grid-0 elementor-widget elementor-widget-social-icons\" data-id=\"38efd9e\" data-element_type=\"widget\" data-e-type=\"widget\" data-widget_type=\"social-icons.default\">\n\t\t\t\t<div class=\"elementor-widget-container\">\n\t\t\t\t\t\t\t<div class=\"elementor-social-icons-wrapper elementor-grid\" role=\"list\">\n\t\t\t\t\t\t\t<span class=\"elementor-grid-item\" role=\"listitem\">\n\t\t\t\t\t<a class=\"elementor-icon elementor-social-icon elementor-social-icon-facebook elementor-repeater-item-b1ba6a9\" href=\"http:\/\/www.facebook.com\/thelatinospirit\" target=\"_blank\" rel=\"noopener\">\n\t\t\t\t\t\t<span class=\"elementor-screen-only\">Facebook<\/span>\n\t\t\t\t\t\t<svg aria-hidden=\"true\" class=\"e-font-icon-svg e-fab-facebook\" viewbox=\"0 0 512 512\" xmlns=\"http:\/\/www.w3.org\/2000\/svg\"><path d=\"M504 256C504 119 393 8 256 8S8 119 8 256c0 123.78 90.69 226.38 209.25 245V327.69h-63V256h63v-54.64c0-62.15 37-96.48 93.67-96.48 27.14 0 55.52 4.84 55.52 4.84v61h-31.28c-30.8 0-40.41 19.12-40.41 38.73V256h68.78l-11 71.69h-57.78V501C413.31 482.38 504 379.78 504 256z\"><\/path><\/svg>\t\t\t\t\t<\/a>\n\t\t\t\t<\/span>\n\t\t\t\t\t\t\t<span class=\"elementor-grid-item\" role=\"listitem\">\n\t\t\t\t\t<a class=\"elementor-icon elementor-social-icon elementor-social-icon-twitter elementor-repeater-item-0bd550f\" href=\"https:\/\/www.twitter.com\/thelatinospirit\" target=\"_blank\" rel=\"noopener\">\n\t\t\t\t\t\t<span class=\"elementor-screen-only\">Twitter<\/span>\n\t\t\t\t\t\t<svg aria-hidden=\"true\" class=\"e-font-icon-svg e-fab-twitter\" viewbox=\"0 0 512 512\" xmlns=\"http:\/\/www.w3.org\/2000\/svg\"><path d=\"M459.37 151.716c.325 4.548.325 9.097.325 13.645 0 138.72-105.583 298.558-298.558 298.558-59.452 0-114.68-17.219-161.137-47.106 8.447.974 16.568 1.299 25.34 1.299 49.055 0 94.213-16.568 130.274-44.832-46.132-.975-84.792-31.188-98.112-72.772 6.498.974 12.995 1.624 19.818 1.624 9.421 0 18.843-1.3 27.614-3.573-48.081-9.747-84.143-51.98-84.143-102.985v-1.299c13.969 7.797 30.214 12.67 47.431 13.319-28.264-18.843-46.781-51.005-46.781-87.391 0-19.492 5.197-37.36 14.294-52.954 51.655 63.675 129.3 105.258 216.365 109.807-1.624-7.797-2.599-15.918-2.599-24.04 0-57.828 46.782-104.934 104.934-104.934 30.213 0 57.502 12.67 76.67 33.137 23.715-4.548 46.456-13.32 66.599-25.34-7.798 24.366-24.366 44.833-46.132 57.827 21.117-2.273 41.584-8.122 60.426-16.243-14.292 20.791-32.161 39.308-52.628 54.253z\"><\/path><\/svg>\t\t\t\t\t<\/a>\n\t\t\t\t<\/span>\n\t\t\t\t\t\t\t<span class=\"elementor-grid-item\" role=\"listitem\">\n\t\t\t\t\t<a class=\"elementor-icon elementor-social-icon elementor-social-icon-youtube elementor-repeater-item-de4b34c\" href=\"https:\/\/www.youtube.com\/thelatinospirit\" target=\"_blank\" rel=\"noopener\">\n\t\t\t\t\t\t<span class=\"elementor-screen-only\">Youtube<\/span>\n\t\t\t\t\t\t<svg aria-hidden=\"true\" class=\"e-font-icon-svg e-fab-youtube\" viewbox=\"0 0 576 512\" xmlns=\"http:\/\/www.w3.org\/2000\/svg\"><path d=\"M549.655 124.083c-6.281-23.65-24.787-42.276-48.284-48.597C458.781 64 288 64 288 64S117.22 64 74.629 75.486c-23.497 6.322-42.003 24.947-48.284 48.597-11.412 42.867-11.412 132.305-11.412 132.305s0 89.438 11.412 132.305c6.281 23.65 24.787 41.5 48.284 47.821C117.22 448 288 448 288 448s170.78 0 213.371-11.486c23.497-6.321 42.003-24.171 48.284-47.821 11.412-42.867 11.412-132.305 11.412-132.305s0-89.438-11.412-132.305zm-317.51 213.508V175.185l142.739 81.205-142.739 81.201z\"><\/path><\/svg>\t\t\t\t\t<\/a>\n\t\t\t\t<\/span>\n\t\t\t\t\t\t\t<span class=\"elementor-grid-item\" role=\"listitem\">\n\t\t\t\t\t<a class=\"elementor-icon elementor-social-icon elementor-social-icon-linkedin elementor-repeater-item-54f6135\" href=\"https:\/\/linkedin.com\/in\/diegofmaya\" target=\"_blank\" rel=\"noopener\">\n\t\t\t\t\t\t<span class=\"elementor-screen-only\">Linkedin<\/span>\n\t\t\t\t\t\t<svg aria-hidden=\"true\" class=\"e-font-icon-svg e-fab-linkedin\" viewbox=\"0 0 448 512\" xmlns=\"http:\/\/www.w3.org\/2000\/svg\"><path d=\"M416 32H31.9C14.3 32 0 46.5 0 64.3v383.4C0 465.5 14.3 480 31.9 480H416c17.6 0 32-14.5 32-32.3V64.3c0-17.8-14.4-32.3-32-32.3zM135.4 416H69V202.2h66.5V416zm-33.2-243c-21.3 0-38.5-17.3-38.5-38.5S80.9 96 102.2 96c21.2 0 38.5 17.3 38.5 38.5 0 21.3-17.2 38.5-38.5 38.5zm282.1 243h-66.4V312c0-24.8-.5-56.7-34.5-56.7-34.6 0-39.9 27-39.9 54.9V416h-66.4V202.2h63.7v29.2h.9c8.9-16.8 30.6-34.5 62.9-34.5 67.2 0 79.7 44.3 79.7 101.9V416z\"><\/path><\/svg>\t\t\t\t\t<\/a>\n\t\t\t\t<\/span>\n\t\t\t\t\t\t\t<span class=\"elementor-grid-item\" role=\"listitem\">\n\t\t\t\t\t<a class=\"elementor-icon elementor-social-icon elementor-social-icon-instagram elementor-repeater-item-c60dd9b\" href=\"https:\/\/www.instagram.com\/THELATINOSPIRIT\" target=\"_blank\" rel=\"noopener\">\n\t\t\t\t\t\t<span class=\"elementor-screen-only\">Instagram<\/span>\n\t\t\t\t\t\t<svg aria-hidden=\"true\" class=\"e-font-icon-svg e-fab-instagram\" viewbox=\"0 0 448 512\" xmlns=\"http:\/\/www.w3.org\/2000\/svg\"><path d=\"M224.1 141c-63.6 0-114.9 51.3-114.9 114.9s51.3 114.9 114.9 114.9S339 319.5 339 255.9 287.7 141 224.1 141zm0 189.6c-41.1 0-74.7-33.5-74.7-74.7s33.5-74.7 74.7-74.7 74.7 33.5 74.7 74.7-33.6 74.7-74.7 74.7zm146.4-194.3c0 14.9-12 26.8-26.8 26.8-14.9 0-26.8-12-26.8-26.8s12-26.8 26.8-26.8 26.8 12 26.8 26.8zm76.1 27.2c-1.7-35.9-9.9-67.7-36.2-93.9-26.2-26.2-58-34.4-93.9-36.2-37-2.1-147.9-2.1-184.9 0-35.8 1.7-67.6 9.9-93.9 36.1s-34.4 58-36.2 93.9c-2.1 37-2.1 147.9 0 184.9 1.7 35.9 9.9 67.7 36.2 93.9s58 34.4 93.9 36.2c37 2.1 147.9 2.1 184.9 0 35.9-1.7 67.7-9.9 93.9-36.2 26.2-26.2 34.4-58 36.2-93.9 2.1-37 2.1-147.8 0-184.8zM398.8 388c-7.8 19.6-22.9 34.7-42.6 42.6-29.5 11.7-99.5 9-132.1 9s-102.7 2.6-132.1-9c-19.6-7.8-34.7-22.9-42.6-42.6-11.7-29.5-9-99.5-9-132.1s-2.6-102.7 9-132.1c7.8-19.6 22.9-34.7 42.6-42.6 29.5-11.7 99.5-9 132.1-9s102.7-2.6 132.1 9c19.6 7.8 34.7 22.9 42.6 42.6 11.7 29.5 9 99.5 9 132.1s2.7 102.7-9 132.1z\"><\/path><\/svg>\t\t\t\t\t<\/a>\n\t\t\t\t<\/span>\n\t\t\t\t\t<\/div>\n\t\t\t\t\t\t<\/div>\n\t\t\t\t<\/div>\n\t\t\t\t<div class=\"elementor-element elementor-element-7dc5fc9 elementor-icon-list--layout-traditional elementor-list-item-link-full_width elementor-widget elementor-widget-icon-list\" data-id=\"7dc5fc9\" data-element_type=\"widget\" data-e-type=\"widget\" data-widget_type=\"icon-list.default\">\n\t\t\t\t<div class=\"elementor-widget-container\">\n\t\t\t\t\t\t\t<ul class=\"elementor-icon-list-items\">\n\t\t\t\t\t\t\t<li class=\"elementor-icon-list-item\">\n\t\t\t\t\t\t\t\t\t\t\t<a href=\"https:\/\/maps.app.goo.gl\/RYnDWVZ7dkReAh3Z6\" target=\"_blank\" rel=\"noopener\">\n\n\t\t\t\t\t\t\t\t\t\t\t\t<span class=\"elementor-icon-list-icon\">\n\t\t\t\t\t\t\t<svg aria-hidden=\"true\" class=\"e-font-icon-svg e-far-address-book\" viewbox=\"0 0 448 512\" xmlns=\"http:\/\/www.w3.org\/2000\/svg\"><path d=\"M436 160c6.6 0 12-5.4 12-12v-40c0-6.6-5.4-12-12-12h-20V48c0-26.5-21.5-48-48-48H48C21.5 0 0 21.5 0 48v416c0 26.5 21.5 48 48 48h320c26.5 0 48-21.5 48-48v-48h20c6.6 0 12-5.4 12-12v-40c0-6.6-5.4-12-12-12h-20v-64h20c6.6 0 12-5.4 12-12v-40c0-6.6-5.4-12-12-12h-20v-64h20zm-68 304H48V48h320v416zM208 256c35.3 0 64-28.7 64-64s-28.7-64-64-64-64 28.7-64 64 28.7 64 64 64zm-89.6 128h179.2c12.4 0 22.4-8.6 22.4-19.2v-19.2c0-31.8-30.1-57.6-67.2-57.6-10.8 0-18.7 8-44.8 8-26.9 0-33.4-8-44.8-8-37.1 0-67.2 25.8-67.2 57.6v19.2c0 10.6 10 19.2 22.4 19.2z\"><\/path><\/svg>\t\t\t\t\t\t<\/span>\n\t\t\t\t\t\t\t\t\t\t<span class=\"elementor-icon-list-text\">36 Cianci Street Paterson, New Jeresy 07501 United States<\/span>\n\t\t\t\t\t\t\t\t\t\t\t<\/a>\n\t\t\t\t\t\t\t\t\t<\/li>\n\t\t\t\t\t\t<\/ul>\n\t\t\t\t\t\t<\/div>\n\t\t\t\t<\/div>\n\t\t\t\t\t<\/div>\n\t\t<\/div>\n\t\t\t\t\t<\/div>\n\t\t<\/section>\n\t\t\t\t<\/div>","protected":false},"excerpt":{"rendered":"<p>About About Diego F. Maya Diego F. Maya is the founder of Latino Spirit Media, a civic communications infrastructure company that builds and owns public media, language access, and multilingual broadcasting systems designed to help institutions reach entire communities in real time. This website serves as a personal access point to the work, vision, and [&hellip;]<\/p>","protected":false},"author":1,"featured_media":0,"parent":0,"menu_order":0,"comment_status":"closed","ping_status":"closed","template":"","meta":{"site-sidebar-layout":"no-sidebar","site-content-layout":"page-builder","ast-site-content-layout":"full-width-container","site-content-style":"unboxed","site-sidebar-style":"unboxed","ast-global-header-display":"","ast-banner-title-visibility":"","ast-main-header-display":"","ast-hfb-above-header-display":"","ast-hfb-below-header-display":"","ast-hfb-mobile-header-display":"","site-post-title":"disabled","ast-breadcrumbs-content":"","ast-featured-img":"disabled","footer-sml-layout":"","ast-disable-related-posts":"","theme-transparent-header-meta":"enabled","adv-header-id-meta":"","stick-header-meta":"","header-above-stick-meta":"","header-main-stick-meta":"","header-below-stick-meta":"","astra-migrate-meta-layouts":"set","ast-page-background-enabled":"default","ast-page-background-meta":{"desktop":{"background-color":"var(--ast-global-color-4)","background-image":"","background-repeat":"repeat","background-position":"center center","background-size":"auto","background-attachment":"scroll","background-type":"","background-media":"","overlay-type":"","overlay-color":"","overlay-opacity":"","overlay-gradient":""},"tablet":{"background-color":"","background-image":"","background-repeat":"repeat","background-position":"center center","background-size":"auto","background-attachment":"scroll","background-type":"","background-media":"","overlay-type":"","overlay-color":"","overlay-opacity":"","overlay-gradient":""},"mobile":{"background-color":"","background-image":"","background-repeat":"repeat","background-position":"center center","background-size":"auto","background-attachment":"scroll","background-type":"","background-media":"","overlay-type":"","overlay-color":"","overlay-opacity":"","overlay-gradient":""}},"ast-content-background-meta":{"desktop":{"background-color":"var(--ast-global-color-5)","background-image":"","background-repeat":"repeat","background-position":"center center","background-size":"auto","background-attachment":"scroll","background-type":"","background-media":"","overlay-type":"","overlay-color":"","overlay-opacity":"","overlay-gradient":""},"tablet":{"background-color":"var(--ast-global-color-5)","background-image":"","background-repeat":"repeat","background-position":"center center","background-size":"auto","background-attachment":"scroll","background-type":"","background-media":"","overlay-type":"","overlay-color":"","overlay-opacity":"","overlay-gradient":""},"mobile":{"background-color":"var(--ast-global-color-5)","background-image":"","background-repeat":"repeat","background-position":"center center","background-size":"auto","background-attachment":"scroll","background-type":"","background-media":"","overlay-type":"","overlay-color":"","overlay-opacity":"","overlay-gradient":""}},"footnotes":""},"class_list":["post-8","page","type-page","status-publish","hentry"],"_links":{"self":[{"href":"https:\/\/diegofmaya.com\/es\/wp-json\/wp\/v2\/pages\/8","targetHints":{"allow":["GET"]}}],"collection":[{"href":"https:\/\/diegofmaya.com\/es\/wp-json\/wp\/v2\/pages"}],"about":[{"href":"https:\/\/diegofmaya.com\/es\/wp-json\/wp\/v2\/types\/page"}],"author":[{"embeddable":true,"href":"https:\/\/diegofmaya.com\/es\/wp-json\/wp\/v2\/users\/1"}],"replies":[{"embeddable":true,"href":"https:\/\/diegofmaya.com\/es\/wp-json\/wp\/v2\/comments?post=8"}],"version-history":[{"count":148,"href":"https:\/\/diegofmaya.com\/es\/wp-json\/wp\/v2\/pages\/8\/revisions"}],"predecessor-version":[{"id":3145,"href":"https:\/\/diegofmaya.com\/es\/wp-json\/wp\/v2\/pages\/8\/revisions\/3145"}],"wp:attachment":[{"href":"https:\/\/diegofmaya.com\/es\/wp-json\/wp\/v2\/media?parent=8"}],"curies":[{"name":"wp","href":"https:\/\/api.w.org\/{rel}","templated":true}]}}